{"id":277,"date":"2019-02-06T13:28:11","date_gmt":"2019-02-06T12:28:11","guid":{"rendered":"http:\/\/xn--institut-beaut-reims-o2b.com\/?page_id=277"},"modified":"2026-02-24T19:23:56","modified_gmt":"2026-02-24T18:23:56","slug":"accueil","status":"publish","type":"page","link":"https:\/\/xn--institut-beaut-reims-o2b.com\/","title":{"rendered":"Accueil"},"content":{"rendered":"<div id=\"pl-277\"  class=\"panel-layout\" ><div id=\"pg-277-0\"  class=\"panel-grid panel-has-style\" ><div class=\"siteorigin-panels-stretch panel-row-style panel-row-style-for-277-0\" data-stretch-type=\"full-width-stretch\" ><div id=\"pgc-277-0-0\"  class=\"panel-grid-cell\" ><div id=\"panel-277-0-0-0\" class=\"so-panel widget widget_sow-button panel-first-child panel-last-child\" data-index=\"0\" ><div\n\t\t\t\n\t\t\tclass=\"so-widget-sow-button so-widget-sow-button-atom-7b9c10c0432c-277\"\n\t\t\t\n\t\t><div class=\"ow-button-base ow-button-align-right\"\n>\n\t\t\t<a\n\t\t\t\t\thref=\"https:\/\/xn--institut-beaut-reims-o2b.com\/wp-content\/uploads\/2023\/01\/Tarifs-Prestations-2023.pdf\"\n\t\t\t\t\tclass=\"sowb-button ow-icon-placement-left ow-button-hover\" target=\"_blank\" rel=\"noopener noreferrer\" \t>\n\t\t<span>\n\t\t\t\n\t\t\tT\u00e9l\u00e9chargez la liste compl\u00e8te des prestations et tarifs 2023\t\t<\/span>\n\t\t\t<\/a>\n\t<\/div>\n<\/div><\/div><\/div><div id=\"pgc-277-0-1\"  class=\"panel-grid-cell\" ><div id=\"panel-277-0-1-0\" class=\"so-panel widget widget_sow-button panel-first-child panel-last-child\" data-index=\"1\" ><div\n\t\t\t\n\t\t\tclass=\"so-widget-sow-button so-widget-sow-button-atom-e076a9d80e4a-277\"\n\t\t\t\n\t\t><div class=\"ow-button-base ow-button-align-left\"\n>\n\t\t\t<a\n\t\t\t\t\thref=\"https:\/\/xn--institut-beaut-reims-o2b.com\/wp-content\/uploads\/2023\/01\/Tarifs-Prestations-MARIAGE-PACS-2023.pdf\"\n\t\t\t\t\tclass=\"sowb-button ow-icon-placement-left ow-button-hover\" target=\"_blank\" rel=\"noopener noreferrer\" \t>\n\t\t<span>\n\t\t\t\n\t\t\tT\u00e9l\u00e9chargez la liste des prestations et tarifs MARIAGE &amp; PACS 2024\t\t<\/span>\n\t\t\t<\/a>\n\t<\/div>\n<\/div><\/div><\/div><\/div><\/div><div id=\"pg-277-1\"  class=\"panel-grid panel-has-style\" ><div class=\"siteorigin-panels-stretch panel-row-style panel-row-style-for-277-1\" data-stretch-type=\"full-width-stretch\" ><div id=\"pgc-277-1-0\"  class=\"panel-grid-cell\" ><div id=\"panel-277-1-0-0\" class=\"so-panel widget widget_sow-editor panel-first-child panel-last-child\" data-index=\"2\" ><div\n\t\t\t\n\t\t\tclass=\"so-widget-sow-editor so-widget-sow-editor-base\"\n\t\t\t\n\t\t>\n<div class=\"siteorigin-widget-tinymce textwidget\">\n\t<h3><\/h3>\n<p>&nbsp;<\/p>\n<h3 style=\"text-align: center;\"><em><strong>\"J'accompagne les femmes \u00e0 chaque \u00e9tape de leur vie,\u00a0 <\/strong><strong>en qu\u00eate de beaut\u00e9, <\/strong><\/em><\/h3>\n<h3 style=\"text-align: center;\"><em><strong>d'\u00e9motions et d'harmonie, <\/strong><strong>pour r\u00e9v\u00e9ler l'\u00e9clat de leur corps <\/strong><\/em><\/h3>\n<h3 style=\"text-align: center;\"><em><strong>et de leur esprit \u00e0 travers chaque soin.\"<\/strong><\/em><\/h3>\n<p>&nbsp;<\/p>\n<h2 style=\"text-align: center;\">Les prestations<\/h2>\n<\/div>\n<\/div><\/div><\/div><\/div><\/div><div id=\"pg-277-2\"  class=\"panel-grid panel-no-style\" ><div id=\"pgc-277-2-0\"  class=\"panel-grid-cell\" ><div id=\"panel-277-2-0-0\" class=\"so-panel widget widget_sow-button panel-first-child panel-last-child\" data-index=\"3\" ><div\n\t\t\t\n\t\t\tclass=\"so-widget-sow-button so-widget-sow-button-atom-328cce3b8755-277\"\n\t\t\t\n\t\t><div class=\"ow-button-base ow-button-align-center\"\n>\n\t\t\t<a\n\t\t\t\t\thref=\"https:\/\/xn--institut-beaut-reims-o2b.com\/index.php\/offre-du-moment\/\"\n\t\t\t\t\tclass=\"sowb-button ow-icon-placement-left ow-button-hover\" target=\"_blank\" rel=\"noopener noreferrer\" \t>\n\t\t<span>\n\t\t\t\n\t\t\tRetrouvez l'offre du moment\t\t<\/span>\n\t\t\t<\/a>\n\t<\/div>\n<\/div><\/div><\/div><\/div><div id=\"pg-277-3\"  class=\"panel-grid panel-no-style\" ><div id=\"pgc-277-3-0\"  class=\"panel-grid-cell panel-grid-cell-empty\" ><\/div><div id=\"pgc-277-3-1\"  class=\"panel-grid-cell\" ><div id=\"panel-277-3-1-0\" class=\"so-panel widget widget_sow-image panel-first-child panel-last-child\" data-index=\"4\" ><div\n\t\t\t\n\t\t\tclass=\"so-widget-sow-image so-widget-sow-image-default-89f16426b92c-277\"\n\t\t\t\n\t\t>\n<div class=\"sow-image-container\">\n\t\t<img \n\tsrc=\"https:\/\/xn--institut-beaut-reims-o2b.com\/wp-content\/uploads\/2025\/06\/plaque-sans-ecrits-A4-scaled.jpg\" width=\"2560\" height=\"1810\" srcset=\"https:\/\/xn--institut-beaut-reims-o2b.com\/wp-content\/uploads\/2025\/06\/plaque-sans-ecrits-A4-scaled.jpg 2560w, https:\/\/xn--institut-beaut-reims-o2b.com\/wp-content\/uploads\/2025\/06\/plaque-sans-ecrits-A4-300x212.jpg 300w\" sizes=\"(max-width: 2560px) 100vw, 2560px\" title=\"D\u00e9veloppement personnel\" alt=\"\" \t\tclass=\"so-widget-image\"\/>\n\t<\/div>\n\n<h3 class=\"widget-title\">D\u00e9veloppement personnel<\/h3><\/div><\/div><\/div><div id=\"pgc-277-3-2\"  class=\"panel-grid-cell panel-grid-cell-mobile-last\" ><div id=\"panel-277-3-2-0\" class=\"so-panel widget widget_sow-image panel-first-child panel-last-child\" data-index=\"5\" ><div\n\t\t\t\n\t\t\tclass=\"so-widget-sow-image so-widget-sow-image-default-8b5b6f678277-277\"\n\t\t\t\n\t\t>\n<div class=\"sow-image-container\">\n\t\t<img \n\tsrc=\"https:\/\/xn--institut-beaut-reims-o2b.com\/wp-content\/uploads\/2026\/02\/istockphoto-1448574044-612x612-1.jpg\" width=\"612\" height=\"408\" srcset=\"https:\/\/xn--institut-beaut-reims-o2b.com\/wp-content\/uploads\/2026\/02\/istockphoto-1448574044-612x612-1.jpg 612w, https:\/\/xn--institut-beaut-reims-o2b.com\/wp-content\/uploads\/2026\/02\/istockphoto-1448574044-612x612-1-300x200.jpg 300w, https:\/\/xn--institut-beaut-reims-o2b.com\/wp-content\/uploads\/2026\/02\/istockphoto-1448574044-612x612-1-600x400.jpg 600w, https:\/\/xn--institut-beaut-reims-o2b.com\/wp-content\/uploads\/2026\/02\/istockphoto-1448574044-612x612-1-272x182.jpg 272w\" sizes=\"(max-width: 612px) 100vw, 612px\" title=\"Soins \u00e9nerg\u00e9tiques\" alt=\"\" \t\tclass=\"so-widget-image\"\/>\n\t<\/div>\n\n<h3 class=\"widget-title\">Soins \u00e9nerg\u00e9tiques<\/h3><\/div><\/div><\/div><div id=\"pgc-277-3-3\"  class=\"panel-grid-cell panel-grid-cell-empty\" ><\/div><\/div><div id=\"pg-277-4\"  class=\"panel-grid panel-has-style\" ><div class=\"siteorigin-panels-stretch panel-row-style panel-row-style-for-277-4\" data-stretch-type=\"full\" ><div id=\"pgc-277-4-0\"  class=\"panel-grid-cell\" ><div id=\"panel-277-4-0-0\" class=\"so-panel widget widget_sow-image panel-first-child\" data-index=\"6\" ><div class=\"panel-widget-style panel-widget-style-for-277-4-0-0\" ><div\n\t\t\t\n\t\t\tclass=\"so-widget-sow-image so-widget-sow-image-default-8b5b6f678277-277\"\n\t\t\t\n\t\t>\n<div class=\"sow-image-container\">\n\t\t\t<a href=\"http:\/\/xn--institut-beaut-reims-o2b.com\/index.php\/soins-visage\/\"\n\t\t\t\t\t>\n\t\t\t<img \n\tsrc=\"https:\/\/xn--institut-beaut-reims-o2b.com\/wp-content\/uploads\/2019\/02\/Inmaromasens-Soins-du-visage.png\" width=\"567\" height=\"567\" srcset=\"https:\/\/xn--institut-beaut-reims-o2b.com\/wp-content\/uploads\/2019\/02\/Inmaromasens-Soins-du-visage.png 567w, https:\/\/xn--institut-beaut-reims-o2b.com\/wp-content\/uploads\/2019\/02\/Inmaromasens-Soins-du-visage-300x300.png 300w, https:\/\/xn--institut-beaut-reims-o2b.com\/wp-content\/uploads\/2019\/02\/Inmaromasens-Soins-du-visage-100x100.png 100w, https:\/\/xn--institut-beaut-reims-o2b.com\/wp-content\/uploads\/2019\/02\/Inmaromasens-Soins-du-visage-150x150.png 150w, https:\/\/xn--institut-beaut-reims-o2b.com\/wp-content\/uploads\/2019\/02\/Inmaromasens-Soins-du-visage-75x75.png 75w\" sizes=\"(max-width: 567px) 100vw, 567px\" title=\"Votre visage\" alt=\"\" \t\tclass=\"so-widget-image\"\/>\n\t\t\t<\/a><\/div>\n\n<h3 class=\"widget-title\">Votre visage<\/h3><\/div><\/div><\/div><\/div><div id=\"pgc-277-4-1\"  class=\"panel-grid-cell\" ><div id=\"panel-277-4-1-0\" class=\"so-panel widget widget_sow-image panel-first-child\" data-index=\"8\" ><div\n\t\t\t\n\t\t\tclass=\"so-widget-sow-image so-widget-sow-image-default-89f16426b92c-277\"\n\t\t\t\n\t\t>\n<div class=\"sow-image-container\">\n\t\t\t<a href=\"http:\/\/xn--institut-beaut-reims-o2b.com\/index.php\/soins-corps-modelages-relaxation\/\"\n\t\t\t\t\t>\n\t\t\t<img \n\tsrc=\"https:\/\/xn--institut-beaut-reims-o2b.com\/wp-content\/uploads\/2019\/02\/Inmaromasens-Soins-de-corps.png\" width=\"567\" height=\"567\" srcset=\"https:\/\/xn--institut-beaut-reims-o2b.com\/wp-content\/uploads\/2019\/02\/Inmaromasens-Soins-de-corps.png 567w, https:\/\/xn--institut-beaut-reims-o2b.com\/wp-content\/uploads\/2019\/02\/Inmaromasens-Soins-de-corps-300x300.png 300w, https:\/\/xn--institut-beaut-reims-o2b.com\/wp-content\/uploads\/2019\/02\/Inmaromasens-Soins-de-corps-100x100.png 100w, https:\/\/xn--institut-beaut-reims-o2b.com\/wp-content\/uploads\/2019\/02\/Inmaromasens-Soins-de-corps-150x150.png 150w, https:\/\/xn--institut-beaut-reims-o2b.com\/wp-content\/uploads\/2019\/02\/Inmaromasens-Soins-de-corps-75x75.png 75w\" sizes=\"(max-width: 567px) 100vw, 567px\" title=\"Votre corps\" alt=\"\" \t\tclass=\"so-widget-image\"\/>\n\t\t\t<\/a><\/div>\n\n<h3 class=\"widget-title\">Votre corps<\/h3><\/div><\/div><\/div><div id=\"pgc-277-4-2\"  class=\"panel-grid-cell\" ><div id=\"panel-277-4-2-0\" class=\"so-panel widget widget_sow-image panel-first-child\" data-index=\"10\" ><div\n\t\t\t\n\t\t\tclass=\"so-widget-sow-image so-widget-sow-image-default-8b5b6f678277-277\"\n\t\t\t\n\t\t>\n<div class=\"sow-image-container\">\n\t\t\t<a href=\"http:\/\/xn--institut-beaut-reims-o2b.com\/index.php\/epilations-femmes\/\"\n\t\t\t\t\t>\n\t\t\t<img \n\tsrc=\"https:\/\/xn--institut-beaut-reims-o2b.com\/wp-content\/uploads\/2019\/02\/Inmaromasens-epilations.png\" width=\"567\" height=\"567\" srcset=\"https:\/\/xn--institut-beaut-reims-o2b.com\/wp-content\/uploads\/2019\/02\/Inmaromasens-epilations.png 567w, https:\/\/xn--institut-beaut-reims-o2b.com\/wp-content\/uploads\/2019\/02\/Inmaromasens-epilations-300x300.png 300w, https:\/\/xn--institut-beaut-reims-o2b.com\/wp-content\/uploads\/2019\/02\/Inmaromasens-epilations-100x100.png 100w, https:\/\/xn--institut-beaut-reims-o2b.com\/wp-content\/uploads\/2019\/02\/Inmaromasens-epilations-150x150.png 150w, https:\/\/xn--institut-beaut-reims-o2b.com\/wp-content\/uploads\/2019\/02\/Inmaromasens-epilations-75x75.png 75w\" sizes=\"(max-width: 567px) 100vw, 567px\" title=\"Epilations\" alt=\"\" \t\tclass=\"so-widget-image\"\/>\n\t\t\t<\/a><\/div>\n\n<h3 class=\"widget-title\">Epilations<\/h3><\/div><\/div><\/div><\/div><\/div><div id=\"pg-277-5\"  class=\"panel-grid panel-has-style\" ><div class=\"siteorigin-panels-stretch panel-row-style panel-row-style-for-277-5\" data-stretch-type=\"full\" ><div id=\"pgc-277-5-0\"  class=\"panel-grid-cell\" ><div id=\"panel-277-5-0-0\" class=\"so-panel widget widget_sow-image panel-first-child panel-last-child\" data-index=\"12\" ><div\n\t\t\t\n\t\t\tclass=\"so-widget-sow-image so-widget-sow-image-default-89f16426b92c-277\"\n\t\t\t\n\t\t>\n<div class=\"sow-image-container\">\n\t\t\t<a href=\"http:\/\/xn--institut-beaut-reims-o2b.com\/index.php\/soins-mains-et-pieds\/\"\n\t\t\t\t\t>\n\t\t\t<img \n\tsrc=\"https:\/\/xn--institut-beaut-reims-o2b.com\/wp-content\/uploads\/2025\/06\/manucure-beaute-pieds-semi-permanent-1.png\" width=\"640\" height=\"640\" srcset=\"https:\/\/xn--institut-beaut-reims-o2b.com\/wp-content\/uploads\/2025\/06\/manucure-beaute-pieds-semi-permanent-1.png 640w, https:\/\/xn--institut-beaut-reims-o2b.com\/wp-content\/uploads\/2025\/06\/manucure-beaute-pieds-semi-permanent-1-300x300.png 300w, https:\/\/xn--institut-beaut-reims-o2b.com\/wp-content\/uploads\/2025\/06\/manucure-beaute-pieds-semi-permanent-1-150x150.png 150w, https:\/\/xn--institut-beaut-reims-o2b.com\/wp-content\/uploads\/2025\/06\/manucure-beaute-pieds-semi-permanent-1-75x75.png 75w, https:\/\/xn--institut-beaut-reims-o2b.com\/wp-content\/uploads\/2025\/06\/manucure-beaute-pieds-semi-permanent-1-600x600.png 600w, https:\/\/xn--institut-beaut-reims-o2b.com\/wp-content\/uploads\/2025\/06\/manucure-beaute-pieds-semi-permanent-1-100x100.png 100w\" sizes=\"(max-width: 640px) 100vw, 640px\" title=\"Mains et Pieds\" alt=\"\" \t\tclass=\"so-widget-image\"\/>\n\t\t\t<\/a><\/div>\n\n<h3 class=\"widget-title\">Mains et Pieds<\/h3><\/div><\/div><\/div><div id=\"pgc-277-5-1\"  class=\"panel-grid-cell\" ><div id=\"panel-277-5-1-0\" class=\"so-panel widget widget_sow-image panel-first-child panel-last-child\" data-index=\"13\" ><div\n\t\t\t\n\t\t\tclass=\"so-widget-sow-image so-widget-sow-image-default-89f16426b92c-277\"\n\t\t\t\n\t\t>\n<div class=\"sow-image-container\">\n\t\t\t<a href=\"http:\/\/xn--institut-beaut-reims-o2b.com\/index.php\/maquillage-forfaits-maries-pacses\/\"\n\t\t\t\t\t>\n\t\t\t<img \n\tsrc=\"https:\/\/xn--institut-beaut-reims-o2b.com\/wp-content\/uploads\/2025\/06\/maquillage-mariees-pacsees-maquillage-collectif-3.png\" width=\"640\" height=\"640\" srcset=\"https:\/\/xn--institut-beaut-reims-o2b.com\/wp-content\/uploads\/2025\/06\/maquillage-mariees-pacsees-maquillage-collectif-3.png 640w, https:\/\/xn--institut-beaut-reims-o2b.com\/wp-content\/uploads\/2025\/06\/maquillage-mariees-pacsees-maquillage-collectif-3-300x300.png 300w, https:\/\/xn--institut-beaut-reims-o2b.com\/wp-content\/uploads\/2025\/06\/maquillage-mariees-pacsees-maquillage-collectif-3-150x150.png 150w, https:\/\/xn--institut-beaut-reims-o2b.com\/wp-content\/uploads\/2025\/06\/maquillage-mariees-pacsees-maquillage-collectif-3-75x75.png 75w, https:\/\/xn--institut-beaut-reims-o2b.com\/wp-content\/uploads\/2025\/06\/maquillage-mariees-pacsees-maquillage-collectif-3-600x600.png 600w, https:\/\/xn--institut-beaut-reims-o2b.com\/wp-content\/uploads\/2025\/06\/maquillage-mariees-pacsees-maquillage-collectif-3-100x100.png 100w\" sizes=\"(max-width: 640px) 100vw, 640px\" title=\"Maquillage\" alt=\"\" \t\tclass=\"so-widget-image\"\/>\n\t\t\t<\/a><\/div>\n\n<h3 class=\"widget-title\">Maquillage<\/h3><\/div><\/div><\/div><div id=\"pgc-277-5-2\"  class=\"panel-grid-cell\" ><div id=\"panel-277-5-2-0\" class=\"so-panel widget widget_sow-image panel-first-child panel-last-child\" data-index=\"14\" ><div\n\t\t\t\n\t\t\tclass=\"so-widget-sow-image so-widget-sow-image-default-89f16426b92c-277\"\n\t\t\t\n\t\t>\n<div class=\"sow-image-container\">\n\t\t\t<a href=\"http:\/\/xn--institut-beaut-reims-o2b.com\/index.php\/soins-hommes\/\"\n\t\t\t\t\t>\n\t\t\t<img \n\tsrc=\"https:\/\/xn--institut-beaut-reims-o2b.com\/wp-content\/uploads\/2025\/06\/soin-visage-epilations-modelage-ptits-loulous-juniors.png\" width=\"640\" height=\"640\" srcset=\"https:\/\/xn--institut-beaut-reims-o2b.com\/wp-content\/uploads\/2025\/06\/soin-visage-epilations-modelage-ptits-loulous-juniors.png 640w, https:\/\/xn--institut-beaut-reims-o2b.com\/wp-content\/uploads\/2025\/06\/soin-visage-epilations-modelage-ptits-loulous-juniors-300x300.png 300w, https:\/\/xn--institut-beaut-reims-o2b.com\/wp-content\/uploads\/2025\/06\/soin-visage-epilations-modelage-ptits-loulous-juniors-150x150.png 150w, https:\/\/xn--institut-beaut-reims-o2b.com\/wp-content\/uploads\/2025\/06\/soin-visage-epilations-modelage-ptits-loulous-juniors-75x75.png 75w, https:\/\/xn--institut-beaut-reims-o2b.com\/wp-content\/uploads\/2025\/06\/soin-visage-epilations-modelage-ptits-loulous-juniors-600x600.png 600w, https:\/\/xn--institut-beaut-reims-o2b.com\/wp-content\/uploads\/2025\/06\/soin-visage-epilations-modelage-ptits-loulous-juniors-100x100.png 100w\" sizes=\"(max-width: 640px) 100vw, 640px\" title=\"Soins P&#039;tits loulous &amp; Juniors\" alt=\"\" \t\tclass=\"so-widget-image\"\/>\n\t\t\t<\/a><\/div>\n\n<h3 class=\"widget-title\">Soins P'tits loulous &amp; Juniors<\/h3><\/div><\/div><\/div><\/div><\/div><div id=\"pg-277-6\"  class=\"panel-grid panel-no-style\" ><div id=\"pgc-277-6-0\"  class=\"panel-grid-cell\" ><div id=\"panel-277-6-0-0\" class=\"so-panel widget widget_sow-image panel-first-child panel-last-child\" data-index=\"15\" ><div\n\t\t\t\n\t\t\tclass=\"so-widget-sow-image so-widget-sow-image-default-8b5b6f678277-277\"\n\t\t\t\n\t\t>\n<div class=\"sow-image-container\">\n\t\t<img \n\tsrc=\"https:\/\/xn--institut-beaut-reims-o2b.com\/wp-content\/uploads\/2026\/02\/images-1.jpg\" width=\"224\" height=\"225\" srcset=\"https:\/\/xn--institut-beaut-reims-o2b.com\/wp-content\/uploads\/2026\/02\/images-1.jpg 224w, https:\/\/xn--institut-beaut-reims-o2b.com\/wp-content\/uploads\/2026\/02\/images-1-150x150.jpg 150w, https:\/\/xn--institut-beaut-reims-o2b.com\/wp-content\/uploads\/2026\/02\/images-1-75x75.jpg 75w, https:\/\/xn--institut-beaut-reims-o2b.com\/wp-content\/uploads\/2026\/02\/images-1-100x100.jpg 100w\" sizes=\"(max-width: 224px) 100vw, 224px\" title=\"cnaib-inm-aromasens-reims\" alt=\"\" \t\tclass=\"so-widget-image\"\/>\n\t<\/div>\n\n<\/div><\/div><\/div><div id=\"pgc-277-6-1\"  class=\"panel-grid-cell\" ><div id=\"panel-277-6-1-0\" class=\"so-panel widget widget_sow-editor panel-first-child panel-last-child\" data-index=\"16\" ><div\n\t\t\t\n\t\t\tclass=\"so-widget-sow-editor so-widget-sow-editor-base\"\n\t\t\t\n\t\t>\n<div class=\"siteorigin-widget-tinymce textwidget\">\n\t<p style=\"text-align: center;\">membre<br \/>\n<a href=\"https:\/\/www.facebook.com\/FCPR.Reims\/?tn-str=k*F\"><img loading=\"lazy\" decoding=\"async\" class=\"alignnone wp-image-579 size-medium\" src=\"http:\/\/xn--institut-beaut-reims-o2b.com\/wp-content\/uploads\/2019\/02\/Logo-FCPR-300x300.png\" alt=\"\" width=\"300\" height=\"300\" srcset=\"https:\/\/xn--institut-beaut-reims-o2b.com\/wp-content\/uploads\/2019\/02\/Logo-FCPR-300x300.png 300w, https:\/\/xn--institut-beaut-reims-o2b.com\/wp-content\/uploads\/2019\/02\/Logo-FCPR-100x100.png 100w, https:\/\/xn--institut-beaut-reims-o2b.com\/wp-content\/uploads\/2019\/02\/Logo-FCPR-150x150.png 150w, https:\/\/xn--institut-beaut-reims-o2b.com\/wp-content\/uploads\/2019\/02\/Logo-FCPR-75x75.png 75w, https:\/\/xn--institut-beaut-reims-o2b.com\/wp-content\/uploads\/2019\/02\/Logo-FCPR.png 454w\" sizes=\"auto, (max-width: 300px) 100vw, 300px\" \/><\/a><\/p>\n<\/div>\n<\/div><\/div><\/div><div id=\"pgc-277-6-2\"  class=\"panel-grid-cell\" ><div id=\"panel-277-6-2-0\" class=\"so-panel widget widget_sow-editor panel-first-child panel-last-child\" data-index=\"17\" ><div\n\t\t\t\n\t\t\tclass=\"so-widget-sow-editor so-widget-sow-editor-base\"\n\t\t\t\n\t\t>\n<div class=\"siteorigin-widget-tinymce textwidget\">\n\t<p><script type=\"text\/javascript\" src=\"https:\/\/cdn1.mariages.net\/_js\/wp-rated.js?v=4\"><\/script><\/p>\n<div id=\"wp-rated\">\n<p><a title=\"Recommand\u00e9 sur www.mariages.net\" href=\"https:\/\/www.mariages.net\/esthetique-coiffure-mariage\/inmaromasens--e140782\" target=\"_blank\" rel=\"noopener\"><img decoding=\"async\" id=\"wp-rated-img\" class=\"aligncenter\" src=\"https:\/\/cdn1.mariages.net\/assets\/img\/badges\/rated\/badge-rated-10.png\" alt=\"Recommand\u00e9 sur Mariages.net\" \/><\/a><\/p>\n<\/div>\n<p><script>wpShowRatedv2('140782');<\/script><\/p>\n<\/div>\n<\/div><\/div><\/div><div id=\"pgc-277-6-3\"  class=\"panel-grid-cell\" ><div id=\"panel-277-6-3-0\" class=\"so-panel widget widget_sow-editor panel-first-child panel-last-child\" data-index=\"18\" ><div\n\t\t\t\n\t\t\tclass=\"so-widget-sow-editor so-widget-sow-editor-base\"\n\t\t\t\n\t\t>\n<div class=\"siteorigin-widget-tinymce textwidget\">\n\t<p style=\"text-align: center;\">membre<br \/>\n<a href=\"https:\/\/www.facebook.com\/acflreims\/\"><img loading=\"lazy\" decoding=\"async\" class=\"aligncenter wp-image-576 size-full\" src=\"http:\/\/xn--institut-beaut-reims-o2b.com\/wp-content\/uploads\/2019\/02\/logo-commercant-avenue-de-laon-Neufchatel.png\" alt=\"\" width=\"400\" height=\"236\" srcset=\"https:\/\/xn--institut-beaut-reims-o2b.com\/wp-content\/uploads\/2019\/02\/logo-commercant-avenue-de-laon-Neufchatel.png 400w, https:\/\/xn--institut-beaut-reims-o2b.com\/wp-content\/uploads\/2019\/02\/logo-commercant-avenue-de-laon-Neufchatel-300x177.png 300w\" sizes=\"auto, (max-width: 400px) 100vw, 400px\" \/><\/a><\/p>\n<\/div>\n<\/div><\/div><\/div><\/div><div id=\"pg-277-7\"  class=\"panel-grid panel-has-style\" ><div class=\"siteorigin-panels-stretch panel-row-style panel-row-style-for-277-7\" data-stretch-type=\"full\" ><div id=\"pgc-277-7-0\"  class=\"panel-grid-cell\" ><div class=\"panel-cell-style panel-cell-style-for-277-7-0\" ><div id=\"panel-277-7-0-0\" class=\"so-panel widget widget_sow-image panel-first-child panel-last-child\" data-index=\"19\" ><div\n\t\t\t\n\t\t\tclass=\"so-widget-sow-image so-widget-sow-image-default-a258e6bfa2d8-277\"\n\t\t\t\n\t\t>\n<div class=\"sow-image-container\">\n\t\t<img \n\tsrc=\"https:\/\/xn--institut-beaut-reims-o2b.com\/wp-content\/uploads\/2024\/02\/Green-and-White-Minimal-Photographic-Sleep-Health-Instagram-Multi-Page-Post.png\" width=\"640\" height=\"640\" srcset=\"https:\/\/xn--institut-beaut-reims-o2b.com\/wp-content\/uploads\/2024\/02\/Green-and-White-Minimal-Photographic-Sleep-Health-Instagram-Multi-Page-Post.png 640w, https:\/\/xn--institut-beaut-reims-o2b.com\/wp-content\/uploads\/2024\/02\/Green-and-White-Minimal-Photographic-Sleep-Health-Instagram-Multi-Page-Post-300x300.png 300w, https:\/\/xn--institut-beaut-reims-o2b.com\/wp-content\/uploads\/2024\/02\/Green-and-White-Minimal-Photographic-Sleep-Health-Instagram-Multi-Page-Post-150x150.png 150w, https:\/\/xn--institut-beaut-reims-o2b.com\/wp-content\/uploads\/2024\/02\/Green-and-White-Minimal-Photographic-Sleep-Health-Instagram-Multi-Page-Post-75x75.png 75w, https:\/\/xn--institut-beaut-reims-o2b.com\/wp-content\/uploads\/2024\/02\/Green-and-White-Minimal-Photographic-Sleep-Health-Instagram-Multi-Page-Post-600x600.png 600w, https:\/\/xn--institut-beaut-reims-o2b.com\/wp-content\/uploads\/2024\/02\/Green-and-White-Minimal-Photographic-Sleep-Health-Instagram-Multi-Page-Post-100x100.png 100w\" sizes=\"(max-width: 640px) 100vw, 640px\" title=\"Green and White Minimal Photographic Sleep Health Instagram Multi Page Post\" alt=\"\" \t\tclass=\"so-widget-image\"\/>\n\t<\/div>\n\n<\/div><\/div><\/div><\/div><div id=\"pgc-277-7-1\"  class=\"panel-grid-cell\" ><div id=\"panel-277-7-1-0\" class=\"so-panel widget widget_sow-editor panel-first-child panel-last-child\" data-index=\"20\" ><div\n\t\t\t\n\t\t\tclass=\"so-widget-sow-editor so-widget-sow-editor-base\"\n\t\t\t\n\t\t>\n<div class=\"siteorigin-widget-tinymce textwidget\">\n\t<h2><span style=\"color: #ffffff;\">NOUVEAUTE<\/span><\/h2>\n<p><span style=\"color: #ffffff;\">\"\ud835\udc12\ud835\udc00\ud835\udc12 \ud835\udc03\ud835\udc04 \ud835\udc03\ud835\udc04\ud835\udc02\ud835\udc0e\ud835\udc0c\ud835\udc0f\ud835\udc11\ud835\udc04\ud835\udc12\ud835\udc12\ud835\udc08\ud835\udc0e\ud835\udc0d \ud835\udc00\ud835\udc15\ud835\udc00\ud835\udc0d\ud835\udc13 \ud835\udc0b\ud835\udc04\ud835\udc12 \ud835\udc12\ud835\udc0e\ud835\udc08\ud835\udc0d\ud835\udc12\"<\/span><\/p>\n<p><span style=\"color: #ffffff;\">Dor\u00e9navant, certains de mes soins visage et corps d\u00e9buteront par un \"SAS DE DECOMPRESSION\" alliant vibrations et sons apaisants avec bol chantant tib\u00e9tain, un petit exercice sophrologique de respiration ou de visualisation et de l'olfactoth\u00e9rapie (pouvoir des senteurs des huiles essentielles) pour favoriser la d\u00e9tente, le l\u00e2cher prise, r\u00e9duire le stress et am\u00e9liorer le bien-\u00eatre global pendant les soins qui vous sera OFFERT en plus de mes modelages du buste, mains et\/ou pieds, et\/ou cuir chevelu.<\/span><\/p>\n<p><span style=\"color: #333333;\"><span style=\"color: #ffffff;\">Ces soins \"Premium\" sont mat\u00e9rialis\u00e9s sur mon site internet devant une prestation soin visage ou corps avec l'ic\u00f4ne suivant :\u00a0<\/span><\/span><\/p>\n<p><img loading=\"lazy\" decoding=\"async\" class=\"aligncenter size-full wp-image-3777\" src=\"https:\/\/xn--institut-beaut-reims-o2b.com\/wp-content\/uploads\/2024\/02\/Logo-femme-rose2.png\" alt=\"\" width=\"65\" height=\"42\" \/><\/p>\n<p>&nbsp;<\/p>\n<\/div>\n<\/div><\/div><\/div><\/div><\/div><div id=\"pg-277-8\"  class=\"panel-grid panel-no-style\" ><div id=\"pgc-277-8-0\"  class=\"panel-grid-cell\" ><div id=\"panel-277-8-0-0\" class=\"widget_text so-panel widget widget_custom_html panel-first-child panel-last-child\" data-index=\"21\" ><div class=\"textwidget custom-html-widget\"><h3>\n    Commentaires\n<\/h3>\n<div class=\"strong-view strong-widget strong-view-id-1 small-widget wpmtst-small-widget slider-container slider-mode-horizontal slider-adaptive controls-type-sides controls-style-buttons\" data-count=\"84\" data-slider-var=\"strong_slider_id_1\" data-state=\"idle\"><div class=\"strong-content wpmslider-content\"><div class=\"wpmtst-testimonial testimonial t-slide post-5795\"><div class=\"wpmtst-testimonial-inner testimonial-inner\"><h3 class=\"wpmtst-testimonial-heading testimonial-heading\">Marie-France Philippot<\/h3><div data-infinite-loop=\"false\"  class=\"wpmtst-testimonial-content testimonial-content\"><div class=\"maybe-clear\"><\/div><p><span class=\"x193iq5w xeuugli x13faqbe x1vvkbs xlh3980 xvmahel x1n0sxbx x1lliihq x1s928wv xhkezso x1gmr53x x1cpjm7i x1fgarty x1943h6x xudqn12 x3x7a5m x6prxxf xvq8zen xo1l8bm xzsf02u\" dir=\"auto\" lang=\"fr\">Je viens d&rsquo;effectuer ce jour un drainage lymphatique aupr\u00e8s de l&rsquo;institut Inma, incroyable, je crois que je me suis endormie, un bien fou incroyable, une s\u00e9r\u00e9nit\u00e9, une d\u00e9tente apr\u00e8s cette s\u00e9ance \u00ab\u00a0magique\u00a0\u00bb et oui pas d&rsquo;autre mot. Je vous conseille fortement ce drainage lymphatique, top. <span class=\"html-span xexx8yu xyri2b x18d9i69 x1c1uobl x1hl2dhg x16tdsg8 x1vvkbs x3nfvp2 x1j61x8r x1fcty0u xdj266r xat24cr xm2jcoa x1mpyi22 xxymvpz xlup9mm x1kky2od\"><img loading=\"lazy\" decoding=\"async\" class=\"xz74otr x15mokao x1ga7v0g x16uus16 xbiv7yw\" src=\"https:\/\/static.xx.fbcdn.net\/images\/emoji.php\/v9\/t7f\/2\/16\/1f31f.png\" alt=\"\ud83c\udf1f\" width=\"16\" height=\"16\" \/><\/span><span class=\"html-span xexx8yu xyri2b x18d9i69 x1c1uobl x1hl2dhg x16tdsg8 x1vvkbs x3nfvp2 x1j61x8r x1fcty0u xdj266r xat24cr xm2jcoa x1mpyi22 xxymvpz xlup9mm x1kky2od\"><img loading=\"lazy\" decoding=\"async\" class=\"xz74otr x15mokao x1ga7v0g x16uus16 xbiv7yw\" src=\"https:\/\/static.xx.fbcdn.net\/images\/emoji.php\/v9\/tfe\/2\/16\/1f31e.png\" alt=\"\ud83c\udf1e\" width=\"16\" height=\"16\" \/><\/span><\/span><\/p><p>Facebook 25.03.26<\/p><\/div><div class=\"clear\"><\/div><\/div><\/div><div class=\"wpmtst-testimonial testimonial t-slide post-5794\"><div class=\"wpmtst-testimonial-inner testimonial-inner\"><h3 class=\"wpmtst-testimonial-heading testimonial-heading\">Marie-France Philippot<\/h3><div data-infinite-loop=\"false\"  class=\"wpmtst-testimonial-content testimonial-content\"><div class=\"maybe-clear\"><\/div><p>\u00ab\u00a0Suite \u00e0 mon massage du dos lundi, je vous recommande Inma de la Horra, c&rsquo;\u00e9tait magique, que du bonheur\u00a0\u00bb<\/p><p>Facebook 16.03.2026<\/p><\/div><div class=\"clear\"><\/div><\/div><\/div><div class=\"wpmtst-testimonial testimonial t-slide post-5661\"><div class=\"wpmtst-testimonial-inner testimonial-inner\"><h3 class=\"wpmtst-testimonial-heading testimonial-heading\">Laetitia Brasseur<\/h3><div data-infinite-loop=\"false\"  class=\"wpmtst-testimonial-content testimonial-content\"><div class=\"maybe-clear\"><\/div><p><span class=\"x193iq5w xeuugli x13faqbe x1vvkbs xlh3980 xvmahel x1n0sxbx x1lliihq x1s928wv xhkezso x1gmr53x x1cpjm7i x1fgarty x1943h6x xudqn12 x3x7a5m x6prxxf xvq8zen xo1l8bm xzsf02u\" dir=\"auto\" lang=\"fr\">J\u2019ai r\u00e9alis\u00e9 mon 1er peeling de ma cure de 3 soins avec <a class=\"x1i10hfl xjbqb8w x1ejq31n x18oe1m7 x1sy0etr xstzfhl x972fbf x10w94by x1qhh985 x14e42zd x9f619 x1ypdohk xt0psk2 x3ct3a4 xdj266r x14z9mp xat24cr x1lziwak xexx8yu xyri2b x18d9i69 x1c1uobl x16tdsg8 x1hl2dhg xggy1nq x1a2a7pz xkrqix3 x1sur9pj xzsf02u x1s688f\" tabindex=\"0\" role=\"link\" href=\"https:\/\/www.facebook.com\/inmadelahorra9?__cft__[0]=AZa5-eAaKM4K4UShmP1rN_iA506_S6St4eNz4wrE3sWem61RMS8SM3xa7cHM2phRRXc5KKNlAH5TDHeZgYs7fn3h2kO5lH-eWkGvzTU6c4y3UsFmoY4N9IVNGT-Q2RnzbzuJwTWokqcVDA832cfF0UCf8pLgleT37JutiP26mJbRCg&amp;__tn__=R]-R\"><span class=\"xt0psk2\"><span class=\"xjp7ctv\">Inm&rsquo;AromaSens Inma De La HORRA Esth\u00e9tique Reims Clairmarais Avenue de Laon<\/span><\/span><\/a> et d\u00e9j\u00e0 ma peau est transform\u00e9e <span class=\"html-span xexx8yu xyri2b x18d9i69 x1c1uobl x1hl2dhg x16tdsg8 x1vvkbs x3nfvp2 x1j61x8r x1fcty0u xdj266r xat24cr xm2jcoa x1mpyi22 xxymvpz xlup9mm x1kky2od\"><img loading=\"lazy\" decoding=\"async\" class=\"xz74otr x15mokao x1ga7v0g x16uus16 xbiv7yw\" src=\"https:\/\/static.xx.fbcdn.net\/images\/emoji.php\/v9\/tcb\/2\/16\/1f631.png\" alt=\"\ud83d\ude31\" width=\"16\" height=\"16\" \/><\/span> mon teint est plus lumineux et ma peau liss\u00e9e ! Je n\u2019ose imaginer le r\u00e9sultat apr\u00e8s mon 3eme soin <span class=\"html-span xexx8yu xyri2b x18d9i69 x1c1uobl x1hl2dhg x16tdsg8 x1vvkbs x3nfvp2 x1j61x8r x1fcty0u xdj266r xat24cr xm2jcoa x1mpyi22 xxymvpz xlup9mm x1kky2od\"><img loading=\"lazy\" decoding=\"async\" class=\"xz74otr x15mokao x1ga7v0g x16uus16 xbiv7yw\" src=\"https:\/\/static.xx.fbcdn.net\/images\/emoji.php\/v9\/tf0\/2\/16\/1f603.png\" alt=\"\ud83d\ude03\" width=\"16\" height=\"16\" \/><\/span> Merci Inma ! <span class=\"html-span xexx8yu xyri2b x18d9i69 x1c1uobl x1hl2dhg x16tdsg8 x1vvkbs x3nfvp2 x1j61x8r x1fcty0u xdj266r xat24cr xm2jcoa x1mpyi22 xxymvpz xlup9mm x1kky2od\"><img loading=\"lazy\" decoding=\"async\" class=\"xz74otr x15mokao x1ga7v0g x16uus16 xbiv7yw\" src=\"https:\/\/static.xx.fbcdn.net\/images\/emoji.php\/v9\/t89\/2\/16\/1f970.png\" alt=\"\ud83e\udd70\" width=\"16\" height=\"16\" \/><\/span><\/span><\/p><p>Facebook 23.02.26<\/p><\/div><div class=\"clear\"><\/div><\/div><\/div><div class=\"wpmtst-testimonial testimonial t-slide post-5624\"><div class=\"wpmtst-testimonial-inner testimonial-inner\"><h3 class=\"wpmtst-testimonial-heading testimonial-heading\">S\u00e9verine Massart<\/h3><div data-infinite-loop=\"false\"  class=\"wpmtst-testimonial-content testimonial-content\"><div class=\"maybe-clear\"><\/div><p><span id=\"TBiyHc\">Je remercie inma qui a vraiment de mains de f\u00e9e j&rsquo;\u00e9tait nou\u00e9e de partout gr\u00e2ce a inma je suis relax\u00e9 d\u00e9tendu et plus aucun noeud ces petites mains et ces produits sont excellents mon visage est plus lumineux moins de cernes et tout doux je recommande a 1000% et je reviendrai car je ne me suis jamais senti aussi bien un grand merci a inma \u2764\ufe0f<\/span><\/p><p>Google 20.02.26<\/p><\/div><div class=\"clear\"><\/div><\/div><\/div><div class=\"wpmtst-testimonial testimonial t-slide post-5300\"><div class=\"wpmtst-testimonial-inner testimonial-inner\"><h3 class=\"wpmtst-testimonial-heading testimonial-heading\">Moreaux Mouzon Charlyne<\/h3><div data-infinite-loop=\"false\"  class=\"wpmtst-testimonial-content testimonial-content\"><div class=\"maybe-clear\"><\/div><p><span id=\"TBiyHc\">Tr\u00e8s belle exp\u00e9rience chez Inma. C\u2019est d\u00e9j\u00e0 la deuxi\u00e8me prestation que je fais et je suis toujours tr\u00e8s contente et d\u00e9tendu \u00e0 la fin du massage, des doigts de f\u00e9e \ud83e\uddda. \u00c0 bient\u00f4t<\/span><\/p><p>GOOGLE 11\/2025<\/p><\/div><div class=\"clear\"><\/div><\/div><\/div><div class=\"wpmtst-testimonial testimonial t-slide post-5299\"><div class=\"wpmtst-testimonial-inner testimonial-inner\"><h3 class=\"wpmtst-testimonial-heading testimonial-heading\">Allart S\u00e9verine<\/h3><div data-infinite-loop=\"false\"  class=\"wpmtst-testimonial-content testimonial-content\"><div class=\"maybe-clear\"><\/div><p><span id=\"TBiyHc\">J&rsquo;ai pu d\u00e9couvrir le massage du dos, avec une huile qui sent super bon, moment de d\u00e9tente garanti \ud83d\ude42 !<\/span><\/p><p>GOOGLE &#8211; 11\/2025<\/p><\/div><div class=\"clear\"><\/div><\/div><\/div><div class=\"wpmtst-testimonial testimonial t-slide post-5298\"><div class=\"wpmtst-testimonial-inner testimonial-inner\"><h3 class=\"wpmtst-testimonial-heading testimonial-heading\">Bertin Alexandra<\/h3><div data-infinite-loop=\"false\"  class=\"wpmtst-testimonial-content testimonial-content\"><div class=\"maybe-clear\"><\/div><p><span id=\"TBiyHc\">Un grand moment de d\u00e9tente pour moi.<br \/>\nMerci<\/span><\/p><p>GOOGLE 11\/2025<\/p><\/div><div class=\"clear\"><\/div><\/div><\/div><div class=\"wpmtst-testimonial testimonial t-slide post-5297\"><div class=\"wpmtst-testimonial-inner testimonial-inner\"><h3 class=\"wpmtst-testimonial-heading testimonial-heading\">Dutronquay Orane<\/h3><div data-infinite-loop=\"false\"  class=\"wpmtst-testimonial-content testimonial-content\"><div class=\"maybe-clear\"><\/div><p><span id=\"TBiyHc\">J\u2019ai eu la chance de d\u00e9couvrir Inma qui est fabuleuse. Elle est dou\u00e9e dans son travail et tr\u00e8s attentive au bien \u00eatre de chacun. L\u2019huile utilis\u00e9e sent vraiment bon. Je recommande les yeux ferm\u00e9s !<\/span><\/p><p>GOOGLE 11\/2025<\/p><\/div><div class=\"clear\"><\/div><\/div><\/div><div class=\"wpmtst-testimonial testimonial t-slide post-5296\"><div class=\"wpmtst-testimonial-inner testimonial-inner\"><h3 class=\"wpmtst-testimonial-heading testimonial-heading\">Bourg Emmanuelle<\/h3><div data-infinite-loop=\"false\"  class=\"wpmtst-testimonial-content testimonial-content\"><div class=\"maybe-clear\"><\/div><div class=\"gyKkFe JhRJje Fv38Af\"><div id=\"ucc-1\" aria-expanded=\"true\"><div tabindex=\"-1\">INMA aux doigts de f\u00e9e \ud83e\udd70<br \/>\nJ \u00b4 A D O R EEEE le soin du visage liftant \u00e0 l\u2019or de la Sultane de Saba.<br \/>\nMoment de d\u00e9tente, de voyage, de senteur\u2026.<br \/>\nMon visage est repulp\u00e9, rajeunit.<br \/>\nUn avant et un apr\u00e8s incomparable\u2026.<br \/>\nInma est arrangeante sur les rdv car \u00e9tant cliente avant de quitter la r\u00e9gion, elle sait se rendre disponible lors de mes passages \u00e0 Reims \ud83e\udd17<br \/>\nMerci \ud83d\udc95<\/div><div tabindex=\"-1\"><\/div><\/div><\/div><div tabindex=\"-1\"><\/div><div tabindex=\"-1\">GOOGLE &#8211; NOVEMBRE 2025<\/div><div><\/div><div class=\"PROnRd vq72z Fv38Af\"><\/div><\/div><div class=\"clear\"><\/div><\/div><\/div><div class=\"wpmtst-testimonial testimonial t-slide post-5118\"><div class=\"wpmtst-testimonial-inner testimonial-inner\"><h3 class=\"wpmtst-testimonial-heading testimonial-heading\">Caron Tennessee<\/h3><div data-infinite-loop=\"false\"  class=\"wpmtst-testimonial-content testimonial-content\"><div class=\"maybe-clear\"><\/div><p>J\u2019ai eu l\u2019occasion d\u2019emmener ma ni\u00e8ce de 6 ans pour un premier massage sur le dos. C\u2019\u00e9tait parfait ! Le massage lui a \u00e9norm\u00e9ment plus et nous avons \u00e9t\u00e9 parfaitement accueillie. Le lieu \u00e9tait chaleureux. La masseuse a mis tr\u00e8s vite \u00e0 l\u2019aise ma petite ni\u00e8ce et \u00e9tait tr\u00e8s \u00e0 l\u2019\u00e9coute. Je recommande !<\/p><p>GOOGLE 23.10.2025<\/p><\/div><div class=\"clear\"><\/div><\/div><\/div><div class=\"wpmtst-testimonial testimonial t-slide post-5112\"><div class=\"wpmtst-testimonial-inner testimonial-inner\"><h3 class=\"wpmtst-testimonial-heading testimonial-heading\">Geraut Annie<\/h3><div data-infinite-loop=\"false\"  class=\"wpmtst-testimonial-content testimonial-content\"><div class=\"maybe-clear\"><\/div><p>Rv de grande qualit\u00e9, efficace, conseils circonstanci\u00e9s, un nom et une adresse \u00e0 retenir sans restriction.<\/p><p>GOOGLE 19.10.2025<\/p><\/div><div class=\"clear\"><\/div><\/div><\/div><div class=\"wpmtst-testimonial testimonial t-slide post-5111\"><div class=\"wpmtst-testimonial-inner testimonial-inner\"><h3 class=\"wpmtst-testimonial-heading testimonial-heading\">Bienvenue Sophie<\/h3><div data-infinite-loop=\"false\"  class=\"wpmtst-testimonial-content testimonial-content\"><div class=\"maybe-clear\"><\/div><p>J\u2019ai eu la chance de faire plusieurs prestations (ongles de pieds, sourcils et colorim\u00e9trie) et je suis ravie \u00e0 chaque fois !<br \/>\nInma est une v\u00e9ritable professionnelle : tr\u00e8s comp\u00e9tente, douce, \u00e0 l\u2019\u00e9coute et toujours de bon conseil. Son travail est impeccable, on sent qu\u2019elle aime ce qu\u2019elle fait et qu\u2019elle le fait avec soin.<br \/>\nL\u2019accueil est parfait, on se sent tout de suite \u00e0 l\u2019aise, avec toujours une petite attention (tisane, th\u00e9 ou caf\u00e9) qui rend le moment encore plus agr\u00e9able.<br \/>\nJe recommande les yeux ferm\u00e9s, c\u2019est un vrai plaisir de passer entre ses mains expertes.<\/p><p>GOOGLE 09.2025<\/p><\/div><div class=\"clear\"><\/div><\/div><\/div><div class=\"wpmtst-testimonial testimonial t-slide post-5110\"><div class=\"wpmtst-testimonial-inner testimonial-inner\"><h3 class=\"wpmtst-testimonial-heading testimonial-heading\">Halbin Pauline<\/h3><div data-infinite-loop=\"false\"  class=\"wpmtst-testimonial-content testimonial-content\"><div class=\"maybe-clear\"><\/div><p>Merci Inma pour cette premi\u00e8re \u00e9pilation en institut ! Tr\u00e8s arrangeante sur les horaires de la prestation, travail soign\u00e9, je recommande \ud83d\ude42<\/p><p>GOOGLE 09.2025<\/p><\/div><div class=\"clear\"><\/div><\/div><\/div><div class=\"wpmtst-testimonial testimonial t-slide post-4662\"><div class=\"wpmtst-testimonial-inner testimonial-inner\"><h3 class=\"wpmtst-testimonial-heading testimonial-heading\">Isabelle Wuattier<\/h3><div data-infinite-loop=\"false\"  class=\"wpmtst-testimonial-content testimonial-content\"><div class=\"maybe-clear\"><\/div><p class=\"cvGsUA direction-ltr align-justify para-style-body\"><span class=\"OYPEnA font-feature-liga-off font-feature-clig-off font-feature-calt-off text-decoration-none text-strikethrough-none\">Merci bcp Inma.<\/span><\/p><p class=\"cvGsUA direction-ltr align-justify para-style-body\"><span class=\"OYPEnA font-feature-liga-off font-feature-clig-off font-feature-calt-off text-decoration-none text-strikethrough-none\">Tr\u00e8s heureuse de la restructuration de la ligne de mes sourcils. Mon regard semble plus grand, plus lumineux, on m&rsquo;a dit\ud83e\udd37.<\/span><\/p><p class=\"cvGsUA direction-ltr align-justify para-style-body\"><span class=\"OYPEnA font-feature-liga-off font-feature-clig-off font-feature-calt-off text-decoration-none text-strikethrough-none\">Je suis ravie \ud83d\ude4f<\/span><\/p><p>GOOGLE 25.05.2025<\/p><\/div><div class=\"clear\"><\/div><\/div><\/div><div class=\"wpmtst-testimonial testimonial t-slide post-4641\"><div class=\"wpmtst-testimonial-inner testimonial-inner\"><h3 class=\"wpmtst-testimonial-heading testimonial-heading\">Chantal Vitali<\/h3><div data-infinite-loop=\"false\"  class=\"wpmtst-testimonial-content testimonial-content\"><div class=\"maybe-clear\"><\/div><p>Apres plusieurs soins fait chez Inma, J ai pu b\u00e9n\u00e9ficier du nouveau soin \u00ab\u00a0Chi Nei Zang\u00a0\u00bb. Cette technique de massage \u00e0 permis de LIB\u00c9RER les points douloureux que j avais au niveau du ventre.<br \/>\nInma est une personne que je recommande les yeux ferm\u00e9s<br \/>\nChantal<\/p><div class=\"zMjRQd\">GOOGLE 15.05.2025<\/div><\/div><div class=\"clear\"><\/div><\/div><\/div><div class=\"wpmtst-testimonial testimonial t-slide post-4640\"><div class=\"wpmtst-testimonial-inner testimonial-inner\"><h3 class=\"wpmtst-testimonial-heading testimonial-heading\">L\u00e9a Touchard<\/h3><div data-infinite-loop=\"false\"  class=\"wpmtst-testimonial-content testimonial-content\"><div class=\"maybe-clear\"><\/div><p>Merci Inma pour le modelage des demi-jambes et des pieds, un vrai moment de d\u00e9tente. Et la restructuration de la ligne de mes sourcils, top\ud83d\udc4c.<\/p><p>GOOGLE 08.05.2025<\/p><\/div><div class=\"clear\"><\/div><\/div><\/div><div class=\"wpmtst-testimonial testimonial t-slide post-4617\"><div class=\"wpmtst-testimonial-inner testimonial-inner\"><h3 class=\"wpmtst-testimonial-heading testimonial-heading\">Rania Samah<\/h3><div data-infinite-loop=\"false\"  class=\"wpmtst-testimonial-content testimonial-content\"><div class=\"maybe-clear\"><\/div><p>Tr\u00e8s bon moment de d\u00e9tente et de relaxation chez Inm\u2019AromaSens. L\u2019huile sent tr\u00e8s bon, l\u2019ambiance est relaxante. Merci infiniment Inma pour ta gentillesse et ta douceur. \u00c0 bient\u00f4t pour un autre massage !<\/p><p>Google 01\/04\/25<\/p><\/div><div class=\"clear\"><\/div><\/div><\/div><div class=\"wpmtst-testimonial testimonial t-slide post-4458\"><div class=\"wpmtst-testimonial-inner testimonial-inner\"><h3 class=\"wpmtst-testimonial-heading testimonial-heading\">Christel Routaboul<\/h3><div data-infinite-loop=\"false\"  class=\"wpmtst-testimonial-content testimonial-content\"><div class=\"maybe-clear\"><\/div><p>Un grand merci pour ce soin du visage revitalisant mais aussi pour ce vrai moment de d\u00e9tente et de convivialit\u00e9&#8230; sans oublier l&rsquo;\u00e9l\u00e9ment myst\u00e8re \ud83d\ude42<\/p><p>AVIS PAGES JAUNES 04.01.25<\/p><\/div><div class=\"clear\"><\/div><\/div><\/div><div class=\"wpmtst-testimonial testimonial t-slide post-4457\"><div class=\"wpmtst-testimonial-inner testimonial-inner\"><h3 class=\"wpmtst-testimonial-heading testimonial-heading\">Laetitia Brasseur<\/h3><div data-infinite-loop=\"false\"  class=\"wpmtst-testimonial-content testimonial-content\"><div class=\"maybe-clear\"><\/div><div dir=\"auto\">Un pur moment de d\u00e9tente ! Arriv\u00e9e stress\u00e9e \u00e0 l\u2019institut pour un soin Ahava R\u00e9g\u00e9n\u00e9ration Min\u00e9rale Absolu, Inma a su me d\u00e9tendre en douceur en commen\u00e7ant par des exercices de respiration, huiles essentielles et bol tib\u00e9tain.<\/div><div dir=\"auto\">Le soin visage qui a suivi est top ! Et ma peau a appr\u00e9ci\u00e9 tout le protocole avec les ventouses et le ridoki (que je ne connaissais pas auparavant). Ma peau est lisse et \u00e9clatante. Je recommande ce soin. Merci Inma !<\/div><div dir=\"auto\"><\/div><div dir=\"auto\">AVIS GOOGLE &amp; FACEBOOK 04.12.24<\/div><\/div><div class=\"clear\"><\/div><\/div><\/div><div class=\"wpmtst-testimonial testimonial t-slide post-4381\"><div class=\"wpmtst-testimonial-inner testimonial-inner\"><h3 class=\"wpmtst-testimonial-heading testimonial-heading\">Eva Chilla<\/h3><div data-infinite-loop=\"false\"  class=\"wpmtst-testimonial-content testimonial-content\"><div class=\"maybe-clear\"><\/div><p>Super professionnelle toujours tr\u00e8s agr\u00e9able et attentive.<\/p><p>GOOGLE 08.24<\/p><\/div><div class=\"clear\"><\/div><\/div><\/div><div class=\"wpmtst-testimonial testimonial t-slide post-4380\"><div class=\"wpmtst-testimonial-inner testimonial-inner\"><h3 class=\"wpmtst-testimonial-heading testimonial-heading\">Ad\u00e9la\u00efde Chazal<\/h3><div data-infinite-loop=\"false\"  class=\"wpmtst-testimonial-content testimonial-content\"><div class=\"maybe-clear\"><\/div><p class=\"cvGsUA direction-ltr align-justify para-style-body\"><span class=\"OYPEnA font-feature-liga-off font-feature-clig-off font-feature-calt-off text-decoration-none text-strikethrough-none\">Une personne tr\u00e8s accueillante, aimable et \u00e0 l \u00e9coute. <\/span><span class=\"OYPEnA font-feature-liga-off font-feature-clig-off font-feature-calt-off text-decoration-none text-strikethrough-none\">Une personne tr\u00e8s professionnelle, beaucoup de formation pour que nous ayons tout \u00e0 porter de main chez elle dans divers soins esth\u00e9tiques. <\/span><span class=\"OYPEnA font-feature-liga-off font-feature-clig-off font-feature-calt-off text-decoration-none text-strikethrough-none\">Et la cerise sur le g\u00e2teau, tr\u00e8s bon moment de d\u00e9tente, massage de qualit\u00e9. <\/span><span class=\"OYPEnA font-feature-liga-off font-feature-clig-off font-feature-calt-off text-decoration-none text-strikethrough-none\">Merci pour ce bon moment passer avec vous.<\/span><\/p><p>GOOGLE 10.2024<\/p><\/div><div class=\"clear\"><\/div><\/div><\/div><div class=\"wpmtst-testimonial testimonial t-slide post-4006\"><div class=\"wpmtst-testimonial-inner testimonial-inner\"><h3 class=\"wpmtst-testimonial-heading testimonial-heading\">H\u00e9l\u00e8ne Seignier<\/h3><div data-infinite-loop=\"false\"  class=\"wpmtst-testimonial-content testimonial-content\"><div class=\"maybe-clear\"><\/div><p><span id=\"TBiyHc\">\u00ab\u00a0J&rsquo;ai commenc\u00e9 \u00e0 offrir des bons cadeaux soins\u00a0\u00bb modelage du dos \u00a0\u00bb pour mes 3 enfants cela fait plus de 4 ans.<br \/>\nMa fille de 11 ans a trouv\u00e9 le massage du dos relaxant ; mon 1er fils de 12 ans, quelques heures apr\u00e8s avoir re\u00e7u le massage du dos, que je lui avais offert pour les f\u00eates de fin d ann\u00e9e, m a demand\u00e9 de pouvoir b\u00e9n\u00e9ficier \u00e0 nouveau de ce soin pour son anniversaire et mon deuxi\u00e8me fils, 10 ans, m a dit que cela lui faisait vraiment du bien car il \u00e9tait d\u00e9tendu.<br \/>\nJe recommande les soins des p&rsquo;tits loulous \u00e0 tous vos enfants pour le bien-\u00e9tre et la bienveillance qu&rsquo;apporte Inma.<br \/>\nH\u00e9l\u00e8ne\u00a0\u00bb<\/span><\/p><p>Google 26.02.24<\/p><\/div><div class=\"clear\"><\/div><\/div><\/div><div class=\"wpmtst-testimonial testimonial t-slide post-3899\"><div class=\"wpmtst-testimonial-inner testimonial-inner\"><h3 class=\"wpmtst-testimonial-heading testimonial-heading\">Tania Aerts<\/h3><div data-infinite-loop=\"false\"  class=\"wpmtst-testimonial-content testimonial-content\"><div class=\"maybe-clear\"><\/div><p>Mes filles ont pu appr\u00e9cier le massage ptits loups d&rsquo;Inma \u00e0 plusieurs reprises. Elles ont ador\u00e9 Inma respecte la pudeur et les sensations des jeunes filles. C&rsquo;est une bonne id\u00e9e cadeau pour les ados.<\/p><p>PAGES JAUNES 24.02.24<\/p><\/div><div class=\"clear\"><\/div><\/div><\/div><div class=\"wpmtst-testimonial testimonial t-slide post-3898\"><div class=\"wpmtst-testimonial-inner testimonial-inner\"><h3 class=\"wpmtst-testimonial-heading testimonial-heading\">Jennifer Imbeaux<\/h3><div data-infinite-loop=\"false\"  class=\"wpmtst-testimonial-content testimonial-content\"><div class=\"maybe-clear\"><\/div><p>Depuis mars 2022, ma fille (12ans) se rend r\u00e9guli\u00e8rement chez Inma pour des \u00e9pilations demi-jambes \u00ab\u00a0le r\u00e9sultat est impeccable\u00a0\u00bb dixit ma fille ! Elle a d\u00e9j\u00e0 b\u00e9n\u00e9fici\u00e9 \u00e9galement des massages ptits loups \u00ab\u00a0un vrai bonheur et vrai moment de d\u00e9tente\u00a0\u00bb de fa\u00e7on g\u00e9n\u00e9rale \u00ab\u00a0Inma est tr\u00e8s agr\u00e9able et tr\u00e8s douce\u00a0\u00bb. Elle y retourne avec grand plaisir \u00e0 chaque fois. Merci encore Inma \ud83d\ude0a<\/p><p>GOOGLE 23.02.24<\/p><\/div><div class=\"clear\"><\/div><\/div><\/div><div class=\"wpmtst-testimonial testimonial t-slide post-3897\"><div class=\"wpmtst-testimonial-inner testimonial-inner\"><h3 class=\"wpmtst-testimonial-heading testimonial-heading\">M\u00e9lanie Diene<\/h3><div data-infinite-loop=\"false\"  class=\"wpmtst-testimonial-content testimonial-content\"><div class=\"maybe-clear\"><\/div><p>Mes trois filles sont pass\u00e9es sous les mains de f\u00e9es d&rsquo;Inma pour des massages de Petits Loulous. Elles avaient entre 7 et 10 ans et ont ador\u00e9 ces moments sublimes de d\u00e9tente en compagnie d&rsquo;une personne exceptionnelle, positive. Un massage reposant qui les a recentr\u00e9es, apais\u00e9es et fait grandir aussi. Lou-Mari\u00e8me a demand\u00e9 \u00ab\u00a0un massage chez Inma\u00a0\u00bb \u00e0 ses copines pour son anniversaire, elle a \u00e9t\u00e9 ravie de f\u00eater ses 7 ann\u00e9es de vie aupr\u00e8s d&rsquo;Inma et demande d\u00e9j\u00e0 \u00e0 renouveler l&rsquo;exp\u00e9rience. Je recommande fortement !! Inma prend soin de nos enfants \u00e0 tout \u00e2ge en s&rsquo;adaptant \u00e0 eux. Merci Inma !<\/p><p>GOOGLE &#8211;\u00a0 22.02.24<\/p><\/div><div class=\"clear\"><\/div><\/div><\/div><div class=\"wpmtst-testimonial testimonial t-slide post-3832\"><div class=\"wpmtst-testimonial-inner testimonial-inner\"><h3 class=\"wpmtst-testimonial-heading testimonial-heading\">Anne Aubert<\/h3><div data-infinite-loop=\"false\"  class=\"wpmtst-testimonial-content testimonial-content\"><div class=\"maybe-clear\"><\/div><p>\u00ab\u00a0Un moment de pure d\u00e9tente ce matin , Inma cible parfaitement , \u00e0 chaque massage , mes besoins du moment. Alliant les huiles essentielles, le bain sonore des bols tib\u00e9tains et la coh\u00e9rence cardiaque,je ressorts \u00e0 chaque s\u00e9ance plus d\u00e9tendue et plus sereine.<br \/>\nMerci pour ce moment d\u2019exception\u00a0\u00bb<\/p><p>FACEBOOK 20.02.2024<\/p><\/div><div class=\"clear\"><\/div><\/div><\/div><div class=\"wpmtst-testimonial testimonial t-slide post-3823\"><div class=\"wpmtst-testimonial-inner testimonial-inner\"><h3 class=\"wpmtst-testimonial-heading testimonial-heading\">Alys\u00e9e Gauchard<\/h3><div data-infinite-loop=\"false\"  class=\"wpmtst-testimonial-content testimonial-content\"><div class=\"maybe-clear\"><\/div><p>\u00ab\u00a0Prestation modelage signature, je recommande pour un pur moment de d\u00e9tente et de l\u00e2cher prise. Inma prend le temps de nous faire pratiquer un exercice de respiration avec des huiles essentielles, afin d&rsquo;\u00eatre dans de bonnes conditions pour recevoir le massage. Elle prend aussi le temps d&rsquo;\u00e9couter notre ressenti apr\u00e8s la prestation. Praticienne au top et \u00e0 l&rsquo;\u00e9coute, qui ne cesse de se former pour nous prodiguer des soins de qualit\u00e9 \ud83d\udc4c\u00a0\u00bb<\/p><p>GOOGLE &#8211; 20.02.2024<\/p><\/div><div class=\"clear\"><\/div><\/div><\/div><div class=\"wpmtst-testimonial testimonial t-slide post-3743\"><div class=\"wpmtst-testimonial-inner testimonial-inner\"><h3 class=\"wpmtst-testimonial-heading testimonial-heading\">Sabine De Coster<\/h3><div data-infinite-loop=\"false\"  class=\"wpmtst-testimonial-content testimonial-content\"><div class=\"maybe-clear\"><\/div><div class=\"xsag5q8\" dir=\"auto\"><div class=\"\" dir=\"auto\"><div class=\"x1iorvi4 x1pi30zi x1swvt13 xjkvuk6\" data-ad-comet-preview=\"message\" data-ad-preview=\"message\"><div class=\"x78zum5 xdt5ytf xz62fqu x16ldp7u\"><div class=\"xu06os2 x1ok221b\"><div class=\"xdj266r x11i5rnm xat24cr x1mh8g0r x1vvkbs x126k92a\"><div dir=\"auto\">\u00ab\u00a0hier en fin d apres midi<\/div><div dir=\"auto\">respiration synergie huiles essentielles senties avec mains en cathedrale pour mieux dormir<\/div><div dir=\"auto\">exercices de respiration<\/div><div dir=\"auto\">modelage signature inm&rsquo;aroma sens de la tete aux pieds avec huile tiede<\/div><div dir=\"auto\">un grand moment de detente tres agreable<\/div><div dir=\"auto\">fait a l institut d inma 25 rue saint thierry reims 0609178133&Prime;<\/div><div dir=\"auto\"><\/div><\/div><div dir=\"auto\">Facebook 09.02.24<\/div><div class=\"xdj266r x11i5rnm xat24cr x1mh8g0r x1vvkbs x126k92a\"><div dir=\"auto\"><\/div><\/div><div class=\"xdj266r x11i5rnm xat24cr x1mh8g0r x1vvkbs x126k92a\"><div dir=\"auto\"><\/div><div dir=\"auto\"><\/div><\/div><\/div><\/div><\/div><\/div><\/div><\/div><div class=\"clear\"><\/div><\/div><\/div><div class=\"wpmtst-testimonial testimonial t-slide post-3546\"><div class=\"wpmtst-testimonial-inner testimonial-inner\"><h3 class=\"wpmtst-testimonial-heading testimonial-heading\">Virginie Ulysse Masson<\/h3><div data-infinite-loop=\"false\"  class=\"wpmtst-testimonial-content testimonial-content\"><div class=\"maybe-clear\"><\/div><div dir=\"auto\"><span style=\"color: #4a3427;\">\u00ab\u00a0Je ressors d&rsquo;un massage complet d&rsquo;une heure : t\u00eate aux pieds.<\/span><\/div><div dir=\"auto\"><span style=\"color: #4a3427;\">1H de bien-\u00eatre, de d\u00e9tente, de relaxation o\u00f9 on ne pense \u00e0 rien.<\/span><\/div><div dir=\"auto\"><span style=\"color: #4a3427;\">Professionnelle, agr\u00e9able, tarif correct&#8230;<\/span><\/div><div dir=\"auto\"><span style=\"color: #4a3427;\">Vous pouvez y aller les yeux ferm\u00e9s\u00a0\u00bb<\/span><\/div><div dir=\"auto\"><\/div><div dir=\"auto\"><span style=\"color: #4a3427;\">Facebook 27.09.2023<\/span><\/div><\/div><div class=\"clear\"><\/div><\/div><\/div><div class=\"wpmtst-testimonial testimonial t-slide post-3539\"><div class=\"wpmtst-testimonial-inner testimonial-inner\"><h3 class=\"wpmtst-testimonial-heading testimonial-heading\">M\u00e9gane Harand<\/h3><div data-infinite-loop=\"false\"  class=\"wpmtst-testimonial-content testimonial-content\"><div class=\"maybe-clear\"><\/div><p><span style=\"color: #4a3427;\">\u00ab\u00a0De tr\u00e8s bons moments pass\u00e9s dans les mains d&rsquo;Inma !<\/span><br \/><span style=\"color: #4a3427;\">Soin du visage pour monsieur et moi, plus maquillage essai et jour-j en vue de mon mariage, &#8230;<\/span><br \/><span style=\"color: #4a3427;\">Je suis ravie de l&rsquo;avoir connue et ne verrais plus que par elle d\u00e9sormais \ud83d\ude0d<\/span><br \/><span style=\"color: #4a3427;\">Merci pour tout \u263a\ufe0f\u00a0\u00bb<\/span><\/p><p><span style=\"color: #4a3427;\">Google 28.09.2023<\/span><\/p><\/div><div class=\"clear\"><\/div><\/div><\/div><div class=\"wpmtst-testimonial testimonial t-slide post-3538\"><div class=\"wpmtst-testimonial-inner testimonial-inner\"><h3 class=\"wpmtst-testimonial-heading testimonial-heading\">No\u00e9mie Lenoir<\/h3><div data-infinite-loop=\"false\"  class=\"wpmtst-testimonial-content testimonial-content\"><div class=\"maybe-clear\"><\/div><p>\u00ab\u00a0Tr\u00e8s bien accueilli, travaille nickel je vous recommande d\u2019aller la haut\u00a0\u00bb<\/p><p>Google Juillet 2023<\/p><\/div><div class=\"clear\"><\/div><\/div><\/div><div class=\"wpmtst-testimonial testimonial t-slide post-3537\"><div class=\"wpmtst-testimonial-inner testimonial-inner\"><h3 class=\"wpmtst-testimonial-heading testimonial-heading\">Christel Gomes<\/h3><div data-infinite-loop=\"false\"  class=\"wpmtst-testimonial-content testimonial-content\"><div class=\"maybe-clear\"><\/div><p>\u00ab\u00a0On est oujours bien accueilli chez Inma. Elle est de tr\u00e8s bons conseils, on peut lui faire enti\u00e8rement confiance. Je n&rsquo;ai jamais \u00e9t\u00e9 d\u00e9\u00e7ue\u00a0\u00bb.<\/p><p>GOOGLE &#8211; Mai 2023<\/p><\/div><div class=\"clear\"><\/div><\/div><\/div><div class=\"wpmtst-testimonial testimonial t-slide post-3520\"><div class=\"wpmtst-testimonial-inner testimonial-inner\"><h3 class=\"wpmtst-testimonial-heading testimonial-heading\">Virginie Landrieux<\/h3><div data-infinite-loop=\"false\"  class=\"wpmtst-testimonial-content testimonial-content\"><div class=\"maybe-clear\"><\/div><div dir=\"auto\"><span style=\"color: #4a3427;\">\u00ab\u00a0Moment de d\u00e9tente et de bien \u00eatre.<\/span><\/div><div dir=\"auto\"><span style=\"color: #4a3427;\">Je vous conseille cette esth\u00e9ticienne d&rsquo;une grande simplicit\u00e9 et aux mains de f\u00e9e\u00a0\u00bb<\/span><\/div><div dir=\"auto\"><\/div><div dir=\"auto\"><span style=\"color: #4a3427;\">Facebook 16.05.2023<\/span><\/div><\/div><div class=\"clear\"><\/div><\/div><\/div><div class=\"wpmtst-testimonial testimonial t-slide post-3510\"><div class=\"wpmtst-testimonial-inner testimonial-inner\"><h3 class=\"wpmtst-testimonial-heading testimonial-heading\">Cathy Joly Cornu<\/h3><div data-infinite-loop=\"false\"  class=\"wpmtst-testimonial-content testimonial-content\"><div class=\"maybe-clear\"><\/div><p>Cela fait un peu plus d\u20191 an que je vais r\u00e9guli\u00e8rement profiter des divers soins que propose Inma, j\u2019ai donc eu l\u2019occasion d\u2019en essayer plusieurs et chaque fois ce fut un pur moment de d\u00e9tente et de plaisir<br \/>\nCette fois je me suis laiss\u00e9e tenter par le tout nouveau soin de la Sultane de Saba la  \u00ab scintillante parure d\u2019or \u00bb, un peu h\u00e9sitante au d\u00e9but vu la dur\u00e9e de celui-ci ( 2h45), peur que cela me paraisse trop long, mais au final j\u2019aurais aim\u00e9 que \u00e7a continue encore un peu !\ud83d\ude05 car une fois de plus, ce fut un r\u00e9gal tant olfactif qu\u2019en terme de ressenti de bien \u00eatre et de d\u00e9tente. D\u00e8s le gommage, les fragrances nous embarquent loin\u2026 ensuite l\u2019enveloppement au beurre de karit\u00e9 ti\u00e8de dans la couverture chauffante c\u2019est juste topissime pour l\u00e2cher totalement prise, juste un petit peu d\u00e9routant de mettre fin \u00e0 ce moment pour passer sous la douche mais on replonge tr\u00e8s vite dans la \u00ab z\u00e9nitude\u00a0\u00bb avec la reprise du modelage corps  \u00e0 la fois doux et suffisamment tonique pour un effet bien \u00eatre garanti, enfin le soin visage avec l\u00e0 encore des senteurs et des effleurements qui viennent tr\u00e8s agr\u00e9ablement nous titiller<br \/>\nBref, une succession de sensations pour tous nos sens, un moment hors temps \u00e0 s\u2019offrir absolument<\/p><p>GOOGLE 24.04.23<\/p><\/div><div class=\"clear\"><\/div><\/div><\/div><div class=\"wpmtst-testimonial testimonial t-slide post-3509\"><div class=\"wpmtst-testimonial-inner testimonial-inner\"><h3 class=\"wpmtst-testimonial-heading testimonial-heading\">Tania Aerts<\/h3><div data-infinite-loop=\"false\"  class=\"wpmtst-testimonial-content testimonial-content\"><div class=\"maybe-clear\"><\/div><p>Le massage signature est fabuleux. L&rsquo;huile utilis\u00e9e est d\u00e9licate. Un v\u00e9ritable moment d&rsquo;\u00e9vasion.<\/p><p>GOOGLE 24-04-2023<\/p><\/div><div class=\"clear\"><\/div><\/div><\/div><div class=\"wpmtst-testimonial testimonial t-slide post-3508\"><div class=\"wpmtst-testimonial-inner testimonial-inner\"><h3 class=\"wpmtst-testimonial-heading testimonial-heading\">Tessa Correia<\/h3><div data-infinite-loop=\"false\"  class=\"wpmtst-testimonial-content testimonial-content\"><div class=\"maybe-clear\"><\/div><p>J&rsquo;ai b\u00e9n\u00e9fici\u00e9 d&rsquo;un Modelage Signature Inm&rsquo;AromaSens avec un soin Visage La Sultane de Saba et tout \u00e9tait vraiment top! Inma est une personne chaleureuse, gentille et fait de super prestations. Les rdv ne sont pas donn\u00e9s \u00e0 la cha\u00eene comme dans d&rsquo;autres instituts, tout est individualis\u00e9. Je suis sortie d\u00e9tendue ! N&rsquo;h\u00e9sitez pas \u00e0 y aller, je recommande !<\/p><p>GOOGLE 02-2023<\/p><\/div><div class=\"clear\"><\/div><\/div><\/div><div class=\"wpmtst-testimonial testimonial t-slide post-3507\"><div class=\"wpmtst-testimonial-inner testimonial-inner\"><h3 class=\"wpmtst-testimonial-heading testimonial-heading\">Oc\u00e9ane Hennequin<\/h3><div data-infinite-loop=\"false\"  class=\"wpmtst-testimonial-content testimonial-content\"><div class=\"maybe-clear\"><\/div><p>J\u2019ai eu l\u2019occasion d\u2019effectuer le soin visage Sultane Saba.<br \/>\nUn soin de plus d\u20191h30 de d\u00e9tente et de bien \u00eatre. Plus qu\u2019un soin, une vraie exp\u00e9rience !<br \/>\nLes r\u00e9sultats sont surprenants.<br \/>\nInma est attentive et tr\u00e8s douce.<br \/>\nJe recommande vivement!<br \/>\nMerci Inma.<\/p><p>GOOGLE 02-2023<\/p><\/div><div class=\"clear\"><\/div><\/div><\/div><div class=\"wpmtst-testimonial testimonial t-slide post-3159\"><div class=\"wpmtst-testimonial-inner testimonial-inner\"><h3 class=\"wpmtst-testimonial-heading testimonial-heading\">Nathalie Wanschoor<\/h3><div data-infinite-loop=\"false\"  class=\"wpmtst-testimonial-content testimonial-content\"><div class=\"maybe-clear\"><\/div><p>Je vous invite tous et toutes \u00e0 rendre une visite \u00e0 Inma si vous souhaitez vous d\u00e9tendre en profitant d&rsquo;un massage inoubliable et en profitant d&rsquo;un moment de relaxation totale. L&rsquo;accueil est agr\u00e9able, Inma a toujours le sourire, sa salle de massage est accueillante et tout est fait pour que chacun se sente bien. Sans oublier la magie de ses mains qui vous transporte ailleurs. Mon dos tout endolori s&rsquo;en souvient encore.<\/p><p>Facebook 30-10-2022<\/p><\/div><div class=\"clear\"><\/div><\/div><\/div><div class=\"wpmtst-testimonial testimonial t-slide post-3132\"><div class=\"wpmtst-testimonial-inner testimonial-inner\"><h3 class=\"wpmtst-testimonial-heading testimonial-heading\">Yannick Desmarest<\/h3><div data-infinite-loop=\"false\"  class=\"wpmtst-testimonial-content testimonial-content\"><div class=\"maybe-clear\"><\/div><p>Un tr\u00e8s tr\u00e8s agr\u00e9able moment Un massage de qualit\u00e9, professionnel et relaxant. Merci \u00e0 tr\u00e8s bient\u00f4t.<\/p><p>PAGES JAUNES 13.09.22<\/p><p>GOOGLE 13.09.22<\/p><p>FACEBOOK 13.09.22<\/p><\/div><div class=\"clear\"><\/div><\/div><\/div><div class=\"wpmtst-testimonial testimonial t-slide post-3130\"><div class=\"wpmtst-testimonial-inner testimonial-inner\"><h3 class=\"wpmtst-testimonial-heading testimonial-heading\">Virginie Sausset<\/h3><div data-infinite-loop=\"false\"  class=\"wpmtst-testimonial-content testimonial-content\"><div class=\"maybe-clear\"><\/div><p>C&rsquo;est la 1ere fois que je fais appel \u00e0 une esth\u00e9ticienne. elle m&rsquo;a fait une manucure, massage \u00e9pilation avant le mariage. Malgr\u00e9 que je me ronge les ongles elle a r\u00e9ussi \u00e0 me faire une manucure et pose de vernis au top. Le massage m&rsquo;a compl\u00e8tement d\u00e9tendu.<br \/>\nEt pour le maquillage, moi qui a une peau huileuse, m\u00eame au bout de 5 min. Il a tenu toute la journ\u00e9e et soir\u00e9e pourtant il faisait une chaleur (30degres) pour une fois je me suis sentie vraiment belle, ravissante et femme.<br \/>\nPetit plus, quelques jours avant le mariage, mon chat m&rsquo;a laiss\u00e9 des marques de griffes sur le haut du torse au niveau du d\u00e9collet\u00e9 et inma a r\u00e9ussi \u00e0 le camoufler !!<\/p><p>MARIAGE.NET 18.08.2022<\/p><\/div><div class=\"clear\"><\/div><\/div><\/div><div class=\"wpmtst-testimonial testimonial t-slide post-3107\"><div class=\"wpmtst-testimonial-inner testimonial-inner\"><h3 class=\"wpmtst-testimonial-heading testimonial-heading\">Lauriane Bachet<\/h3><div data-infinite-loop=\"false\"  class=\"wpmtst-testimonial-content testimonial-content\"><div class=\"maybe-clear\"><\/div><p>Un grand merci \u00e0 ma ptite maman pour ce soin du visage incroyable que j\u2019ai eu la chance de faire chez <a class=\"oajrlxb2 g5ia77u1 qu0x051f esr5mh6w e9989ue4 r7d6kgcz rq0escxv nhd2j8a9 nc684nl6 p7hjln8o kvgmc6g5 cxmmr5t8 oygrvhab hcukyx3x jb3vyjys rz4wbd8a qt6c0cv9 a8nywdso i1ao9s8h esuyzwwr f1sip0of lzcic4wl gpro0wi8 q66pz984 b1v8xokw\" tabindex=\"0\" role=\"link\" href=\"https:\/\/www.facebook.com\/inma.delahorra?__cft__[0]=AZVnPQNsKhW6EjBXoEQF_RUlM0AWoStd1POUndeKzycOruBzvl_F4tXPW4cX7Y5zDWYm9wjVfuSojPiNnyQnP3L33K5c-A9BYthsUOcR98lzmpP1ZP0HV8x9z2dUxGVCyh2omvCoLL1hZC4sLVHuKRanJynIakuVl84G7r-cvbYBvsBv64urQmY4buv8F6w4djU0-0YaoPPtTYvDN2Wjxzy9wtwA70WIbngJq0E0CJPlIg&amp;__tn__=-]K-y-R\"><span class=\"nc684nl6\">Inma DE LA Horra<\/span><\/a> ! Un soin du visage de 1h <span class=\"pq6dq46d tbxw36s4 knj5qynh kvgmc6g5 ditlmg2l oygrvhab nvdbi5me sf5mxxl7 gl3lb2sf hhz5lgdu\"><img loading=\"lazy\" decoding=\"async\" src=\"https:\/\/static.xx.fbcdn.net\/images\/emoji.php\/v9\/t2\/1\/16\/1f60d.png\" alt=\"\ud83d\ude0d\" width=\"16\" height=\"16\" \/><\/span>, avec des produits envo\u00fbtant tant au niveau senteur qu\u2019au niveau des textures. Un grand moment de bonheur qu\u2019on devrait toutes avoir la chance de faire !!! Parce qu\u2019on le vaut bien<\/p><p>FACEBOOK 31.05.22<\/p><\/div><div class=\"clear\"><\/div><\/div><\/div><div class=\"wpmtst-testimonial testimonial t-slide post-2811\"><div class=\"wpmtst-testimonial-inner testimonial-inner\"><h3 class=\"wpmtst-testimonial-heading testimonial-heading\">Denis Jonet<\/h3><div data-infinite-loop=\"false\"  class=\"wpmtst-testimonial-content testimonial-content\"><div class=\"maybe-clear\"><\/div><p>J&rsquo;ai test\u00e9 le soin visage la sultane de Saba liftant \u00e0 l or et champagne qui est vraiment magnifique avec une peau r\u00e9g\u00e9n\u00e9r\u00e9e tonifi\u00e9e lift\u00e9e repulp\u00e9e&#8230;..c&rsquo;est en plus un moment de d\u00e9tente de plus de 1h comme si on avait b\u00e9n\u00e9fici\u00e9 d&rsquo;un massage complet du corps.JE RECOMMANDE CE SOIN<\/p><p>Google &#8211; f\u00e9vrier 2022<\/p><\/div><div class=\"clear\"><\/div><\/div><\/div><div class=\"wpmtst-testimonial testimonial t-slide post-2810\"><div class=\"wpmtst-testimonial-inner testimonial-inner\"><h3 class=\"wpmtst-testimonial-heading testimonial-heading\">Fernande Gassmann<\/h3><div data-infinite-loop=\"false\"  class=\"wpmtst-testimonial-content testimonial-content\"><div class=\"maybe-clear\"><\/div><p>Soins et massages exceptionnels ! professionnalisme ! des conseils de qualit\u00e9 ! toutes ces prestations toujours avec le sourire !<\/p><p>Facebook &#8211; avril 2022<\/p><\/div><div class=\"clear\"><\/div><\/div><\/div><div class=\"wpmtst-testimonial testimonial t-slide post-2529\"><div class=\"wpmtst-testimonial-inner testimonial-inner\"><h3 class=\"wpmtst-testimonial-heading testimonial-heading\">Denis Jonet<\/h3><div data-infinite-loop=\"false\"  class=\"wpmtst-testimonial-content testimonial-content\"><div class=\"maybe-clear\"><\/div><p>je vous conseille le soin d\u00e9couverte compos\u00e9 d&rsquo;un soin complet visage, d&rsquo;un soin des mains et pour finir d&rsquo;un merveilleux soin du dos.<\/p><p>PAGES JAUNES 15.03.21<\/p><\/div><div class=\"clear\"><\/div><\/div><\/div><div class=\"wpmtst-testimonial testimonial t-slide post-2527\"><div class=\"wpmtst-testimonial-inner testimonial-inner\"><h3 class=\"wpmtst-testimonial-heading testimonial-heading\">Francine Gautier<\/h3><div data-infinite-loop=\"false\"  class=\"wpmtst-testimonial-content testimonial-content\"><div class=\"maybe-clear\"><\/div><p>Institut cocooning dans un lieu d\u2019habitation Inma est une personne charmante tr\u00e8s professionnelle simple..Je la c\u00f4toie depuis un certain nombre d\u2019ann\u00e9e pour mes \u00e9pilations actuellement avec la Covid les gestes barri\u00e8res sont respect\u00e9s avec prise de temp\u00e9rature \u00e0 l\u2019arriv\u00e9e gel masque.. ceci depuis le premier d\u00e9confinement.. La cerise sur le g\u00e2teau ce matin Inma \u00e9tait dispo \u00e0 la suite de mes \u00e9pilations je me suis octroy\u00e9e un modelage relaxant du dos un vrai bonheur.. Merci Inma d\u2019avoir chang\u00e9 ton programme pour moi.. Je vous recommande cet institut&#8230;<\/p><p>GOOGLE JANVIER 2021<\/p><\/div><div class=\"clear\"><\/div><\/div><\/div><div class=\"wpmtst-testimonial testimonial t-slide post-2523\"><div class=\"wpmtst-testimonial-inner testimonial-inner\"><h3 class=\"wpmtst-testimonial-heading testimonial-heading\">Nicolas Marcoux-Richert<\/h3><div data-infinite-loop=\"false\"  class=\"wpmtst-testimonial-content testimonial-content\"><div class=\"maybe-clear\"><\/div><p>\u00ab\u00a0Encore un massage formidable r\u00e9alis\u00e9 par Inma .<br \/>\nJe suis un inconditionnel de ses massages, et je ne suis pas pr\u00eat d&rsquo;arr\u00eater.<br \/>\nOn ressort d\u00e9tendu et la seule chose que l&rsquo;on souhaite c&rsquo;est fixer un nouveau rdv pour tester un autre massage.<br \/>\nEncore merci Inma&#8230;a tr\u00e8s bient\u00f4t\u00a0\u00bb<\/p><p>Facebook 31\/01\/2021<\/p><\/div><div class=\"clear\"><\/div><\/div><\/div><div class=\"wpmtst-testimonial testimonial t-slide post-2505\"><div class=\"wpmtst-testimonial-inner testimonial-inner\"><h3 class=\"wpmtst-testimonial-heading testimonial-heading\">C\u00e9line Lopes<\/h3><div data-infinite-loop=\"false\"  class=\"wpmtst-testimonial-content testimonial-content\"><div class=\"maybe-clear\"><\/div><p>Super massage, super accueil. Je recommande&#8230;un vrai bonheur!!\ud83d\ude0a<\/p><p>SITE INM&rsquo;AROMASENS 23\/12\/20<\/p><\/div><div class=\"clear\"><\/div><\/div><\/div><div class=\"wpmtst-testimonial testimonial t-slide post-2405\"><div class=\"wpmtst-testimonial-inner testimonial-inner\"><h3 class=\"wpmtst-testimonial-heading testimonial-heading\">Charlyne Pertus<\/h3><div data-infinite-loop=\"false\"  class=\"wpmtst-testimonial-content testimonial-content\"><div class=\"maybe-clear\"><\/div><p>Ah, les modelages dos d&rsquo;Inma&#8230; Rien de tel que commencer par cela le matin, et \u00eatre d\u00e9tendue pour toute la journ\u00e9e. \ud83d\udc4c\ud83d\ude0e<\/p><p>Facebook 17\/12\/20<\/p><\/div><div class=\"clear\"><\/div><\/div><\/div><div class=\"wpmtst-testimonial testimonial t-slide post-1990\"><div class=\"wpmtst-testimonial-inner testimonial-inner\"><h3 class=\"wpmtst-testimonial-heading testimonial-heading\">Lucile Chr\u00e9tien<\/h3><div data-infinite-loop=\"false\"  class=\"wpmtst-testimonial-content testimonial-content\"><div class=\"maybe-clear\"><\/div><p class=\"adminReviewsItem__title\"><strong>Prestation maquillage mari\u00e9e<\/strong><\/p><p class=\"adminReviewsItem__description \">Une belle personne qui a compris le style de maquillage que je voulais.<br \/>\nTr\u00e8s professionnelle et personne tellement gentille. Elle donne de bons conseils et met \u00e0 l&rsquo;aise.<br \/>\nDes bons produits naturels qui \u00e9vitent de faire des allergies pour les peaux fragiles comme moi.<br \/>\nJe n&rsquo;ai eu que de compliments sur ma mise en beaut\u00e9.<br \/>\nMerci.<\/p><p>MARIAGE.NET 05\/09\/20<\/p><\/div><div class=\"clear\"><\/div><\/div><\/div><div class=\"wpmtst-testimonial testimonial t-slide post-1912\"><div class=\"wpmtst-testimonial-inner testimonial-inner\"><h3 class=\"wpmtst-testimonial-heading testimonial-heading\">Isabelle Viart<\/h3><div data-infinite-loop=\"false\"  class=\"wpmtst-testimonial-content testimonial-content\"><div class=\"maybe-clear\"><\/div><p>Deuxi\u00e8me visite et toujours ce m\u00eame accueil tr\u00e8s chaleureux qui vous plonge dans une bulle de bienveillance. Je recommande : les prestations sont de qualit\u00e9. Vous ne serez pas d\u00e9\u00e7u.<\/p><p>GOOGLE 21\/10\/20<\/p><\/div><div class=\"clear\"><\/div><\/div><\/div><div class=\"wpmtst-testimonial testimonial t-slide post-1910\"><div class=\"wpmtst-testimonial-inner testimonial-inner\"><h3 class=\"wpmtst-testimonial-heading testimonial-heading\">S\u00e9gol\u00e8ne Gh\u00e9ki\u00e8re<\/h3><div data-infinite-loop=\"false\"  class=\"wpmtst-testimonial-content testimonial-content\"><div class=\"maybe-clear\"><\/div><div class=\"XnNQm\"><div class=\"k4kupc\"><p class=\"DYAZaf\"><span class=\"oiQd1c\">Inma est tr\u00e8s accueillante, tr\u00e8s abordable et nous met tout de suite \u00e0 l\u2019aise. Son travail est irr\u00e9prochable, je reviendrai avec plaisir.<\/span><\/p><p>GOOGLE 18\/10\/20<\/p><\/div><\/div><\/div><div class=\"clear\"><\/div><\/div><\/div><div class=\"wpmtst-testimonial testimonial t-slide post-1868\"><div class=\"wpmtst-testimonial-inner testimonial-inner\"><h3 class=\"wpmtst-testimonial-heading testimonial-heading\">Chantal Vitali<\/h3><div data-infinite-loop=\"false\"  class=\"wpmtst-testimonial-content testimonial-content\"><div class=\"maybe-clear\"><\/div><p>Tr\u00e8s tr\u00e8s bonne prestation, \u00e0 refaire avec plaisir, \u00e0 recommander aussi.. Merci pour ces bons moments de d\u00e9tentes&#8230; \ud83d\ude09\ud83d\udc4d<\/p><p>GOOGLE 03\/07\/2020<\/p><\/div><div class=\"clear\"><\/div><\/div><\/div><div class=\"wpmtst-testimonial testimonial t-slide post-1867\"><div class=\"wpmtst-testimonial-inner testimonial-inner\"><h3 class=\"wpmtst-testimonial-heading testimonial-heading\">Arlette de Rocchi<\/h3><div data-infinite-loop=\"false\"  class=\"wpmtst-testimonial-content testimonial-content\"><div class=\"maybe-clear\"><\/div><p>N&rsquo;h\u00e9sitez pas \u00e0 vous rendre dans cet institut. Un tr\u00e8s bon accueil vous sera r\u00e9serv\u00e9. J&rsquo;ai \u00e9t\u00e9 re\u00e7ue avec beaucoup de gentillesse, j&rsquo;ai b\u00e9n\u00e9fici\u00e9 de conseils et d&rsquo;un professionnalisme sans faille. Je recommande sans limite cette adresse. Je compte y retourner.<\/p><p>GOOGLE 02\/07\/2020<\/p><\/div><div class=\"clear\"><\/div><\/div><\/div><div class=\"wpmtst-testimonial testimonial t-slide post-1846\"><div class=\"wpmtst-testimonial-inner testimonial-inner\"><h3 class=\"wpmtst-testimonial-heading testimonial-heading\">Audrey Lain\u00e9<\/h3><div data-infinite-loop=\"false\"  class=\"wpmtst-testimonial-content testimonial-content\"><div class=\"maybe-clear\"><\/div><p>Dans son institut Inma s&rsquo;est adapter pour renforcer les mesures sanitaires en cette p\u00e9riode de crise sanitaire (certaines mesures \u00e9taient d\u00e9j\u00e0 appliqu\u00e9s bien av<span class=\"text_exposed_show\">ant, l&rsquo;esth\u00e9tique demandant une rigueur certaine sur l&rsquo;hygi\u00e8ne !)<\/span><\/p><div class=\"text_exposed_show\"><p>Port du masque obligatoire et d\u00e9sinfection des mains d\u00e8s l&rsquo;arriv\u00e9e \u00e0 l&rsquo;Institut. Des surchaussures sont fournis.<\/p><p>Concernant les \u00e9pilations Inma porte des gants, un masque, et une visi\u00e8re (quand il est n\u00e9cessaire).<br \/>\nInma change la spatule jetable \u00e0 chaque trempage dans la cire !<br \/>\nAu lieu d&rsquo;une spatule jetable qu&rsquo;elle aurait utiliser en tant normal pour une \u00e9pilation sourcils, elle en \u00e0 utiliser 4 (photo \u00e0 l&rsquo;appui) c&rsquo;est pour dire&#8230;<\/p><p>Le soin des pieds et la pose vernis est lui aussi r\u00e9alis\u00e9 avec beaucoup de pr\u00e9cautions, port du masque et gants \u00e9galement. D\u00e9sinfection des ustensiles entre chaques clientes (cela \u00e0 toujours \u00e9t\u00e9 le cas), \u00e0 chaque fin de prestations.<br \/>\nVous pouvez vous rendre chez Inm&rsquo;AromaSens sans craintes, et compl\u00e8tement sereines afin d&rsquo;\u00eatre belles jusqu&rsquo;au bout des ongles <span class=\"_5mfr\"><span class=\"_6qdm\">\ud83d\udc85<\/span><\/span><\/p><p>&nbsp;<\/p><\/div><div class=\"text_exposed_show\"><p>FACEBOOK 02\/06\/2020<\/p><\/div><\/div><div class=\"clear\"><\/div><\/div><\/div><div class=\"wpmtst-testimonial testimonial t-slide post-1674\"><div class=\"wpmtst-testimonial-inner testimonial-inner\"><h3 class=\"wpmtst-testimonial-heading testimonial-heading\">Anne Cayasse<\/h3><div data-infinite-loop=\"false\"  class=\"wpmtst-testimonial-content testimonial-content\"><div class=\"maybe-clear\"><\/div><p>Tr\u00e8s bon accueil, on est tout de suite \u00e0 l\u2019aise, j\u2019y suis all\u00e9e pour mon maquillage de mariage, et c\u2019\u00e9tait parfait. On a prit le temps lors de l\u2019essai de voir ce qui m\u2019allait le mieux et pas de stress le jour J.<br \/>\nMes t\u00e9moins et ma maman ont \u00e9galement \u00e9t\u00e9 maquill\u00e9, un tr\u00e8s bon moment pour commencer sa journ\u00e9e de mariage !<br \/>\nJe la recommande sans h\u00e9siter !<\/p><p>FACEBOOK 27\/06\/2019<\/p><\/div><div class=\"clear\"><\/div><\/div><\/div><div class=\"wpmtst-testimonial testimonial t-slide post-1673\"><div class=\"wpmtst-testimonial-inner testimonial-inner\"><h3 class=\"wpmtst-testimonial-heading testimonial-heading\">Coralie Cervelet<\/h3><div data-infinite-loop=\"false\"  class=\"wpmtst-testimonial-content testimonial-content\"><div class=\"maybe-clear\"><\/div><p>Je recommande a 100%<br \/>\nTres accueillante, soin du visage au top. Ma peau revie.<br \/>\nJe suis ravie de ma prestation soin du visage.<br \/>\nProduits bio vraiment sympas et qui sentent vraiment bon.<br \/>\nJ&rsquo;espere pouvoir y retourner<span class=\"text_exposed_show\"><br \/>\nMerci Inma pour l&rsquo;accueil et votre gentillesse<\/span><\/p><p>FACEBOOK 05\/03\/2020<\/p><\/div><div class=\"clear\"><\/div><\/div><\/div><div class=\"wpmtst-testimonial testimonial t-slide post-1672\"><div class=\"wpmtst-testimonial-inner testimonial-inner\"><h3 class=\"wpmtst-testimonial-heading testimonial-heading\">Lucie Fisher<\/h3><div data-infinite-loop=\"false\"  class=\"wpmtst-testimonial-content testimonial-content\"><div class=\"maybe-clear\"><\/div><p>Super moment de d\u00e9tente personne tr\u00e8s gentille et accueillante j ai pass\u00e9 un excellent moment je rec<span class=\"text_exposed_show\">ommande merci inma\u00a0<\/span><\/p><p>FACEBOOK 26\/11\/2019<\/p><p>&nbsp;<\/p><\/div><div class=\"clear\"><\/div><\/div><\/div><div class=\"wpmtst-testimonial testimonial t-slide post-1671\"><div class=\"wpmtst-testimonial-inner testimonial-inner\"><h3 class=\"wpmtst-testimonial-heading testimonial-heading\">H\u00e9l\u00e8ne Maz<\/h3><div data-infinite-loop=\"false\"  class=\"wpmtst-testimonial-content testimonial-content\"><div class=\"maybe-clear\"><\/div><p>Modelage tr\u00e8s professionnel ainsi que le relationnel, tr\u00e8s bonne id\u00e9e de proposer des ch\u00e8ques cadeaux pour les enfants<\/p><p>PAGES JAUNES 05\/11\/2019<\/p><\/div><div class=\"clear\"><\/div><\/div><\/div><div class=\"wpmtst-testimonial testimonial t-slide post-1670\"><div class=\"wpmtst-testimonial-inner testimonial-inner\"><h3 class=\"wpmtst-testimonial-heading testimonial-heading\">C\u00e9cile Biron<\/h3><div data-infinite-loop=\"false\"  class=\"wpmtst-testimonial-content testimonial-content\"><div class=\"maybe-clear\"><\/div><p>Maquillage tr\u00e8s pro. Inma nous accueille dans son salon avec un grand sourire et on se sent de suite parfaitement bien. On d\u00e9couvre une personne appliqu\u00e9e et passionn\u00e9e par son travail : elle avait d\u00e9j\u00e0 une photo de mon visage et connaissait comment j allais \u00eatre habill\u00e9e du coup elle avait d\u00e9j\u00e0 boss\u00e9 sur l id\u00e9e du maquillage. Elle nous le propose mais nous ne l impose pas si cela ne nous convient pas. On se sent \u00e9cout\u00e9, conseill\u00e9, chouchout\u00e9&#8230; Bref une vraie bulle de bonheur et de bien \u00eatre. Allez y les yeux ferm\u00e9s !<\/p><p>PAGES JAUNES 02\/07\/2019<\/p><\/div><div class=\"clear\"><\/div><\/div><\/div><div class=\"wpmtst-testimonial testimonial t-slide post-1668\"><div class=\"wpmtst-testimonial-inner testimonial-inner\"><h3 class=\"wpmtst-testimonial-heading testimonial-heading\">Alexandra Seuret<\/h3><div data-infinite-loop=\"false\"  class=\"wpmtst-testimonial-content testimonial-content\"><div class=\"maybe-clear\"><\/div><p>Tr\u00e8s bon accueil, Inma nous met \u00e0 l\u2019aise, j\u2019y suis all\u00e9e pour le maquillage de mon mariage et je ne regrette pas ! On a prit le temps lors de l\u2019essai de voir ce qui me plaisait le plus comme \u00e7a pas de stress le jour J! Inma est \u00e0 l&rsquo;\u00e9coute de ce que l\u2019on veut mais sait \u00e9galement nous conseiller. Allez y sans h\u00e9siter !<\/p><p>PAGES JAUNES 27\/06\/2019<\/p><\/div><div class=\"clear\"><\/div><\/div><\/div><div class=\"wpmtst-testimonial testimonial t-slide post-1399\"><div class=\"wpmtst-testimonial-inner testimonial-inner\"><h3 class=\"wpmtst-testimonial-heading testimonial-heading\">Patrick Leroy<\/h3><div data-infinite-loop=\"false\"  class=\"wpmtst-testimonial-content testimonial-content\"><div class=\"maybe-clear\"><\/div><p>Inma est tr\u00e8s accueillante et ne compte pas son temps . J ai d\u00e9couvert cet institut en passant r\u00e9guli\u00e8rement devant en allant \u00e0 la boulangerie depuis j y retourne r\u00e9guli\u00e8rement pour des modelages californien trop bien d\u00e9tente assur\u00e9e au point que j ai d\u00e9cid\u00e9 de prendre un abonnement car ce n est que du plaisir .allez y les yeux ferm\u00e9s<\/p><p>SITE INM&rsquo;AROMASENS 06\/05\/2019<\/p><\/div><div class=\"clear\"><\/div><\/div><\/div><div class=\"wpmtst-testimonial testimonial t-slide post-1396\"><div class=\"wpmtst-testimonial-inner testimonial-inner\"><h3 class=\"wpmtst-testimonial-heading testimonial-heading\">Maryse Messager<\/h3><div data-infinite-loop=\"false\"  class=\"wpmtst-testimonial-content testimonial-content\"><div class=\"maybe-clear\"><\/div><p>Deuxi\u00e8me visite chez Inma ce soir, pour un soin du corps; un vrai bonheur; un accueil chaleureux et une bonne professionnelle souriante<br \/>\nMerci Inma<\/p><p>SITE INM&rsquo;AROMASENS 18\/04\/2019<\/p><\/div><div class=\"clear\"><\/div><\/div><\/div><div class=\"wpmtst-testimonial testimonial t-slide post-1338\"><div class=\"wpmtst-testimonial-inner testimonial-inner\"><h3 class=\"wpmtst-testimonial-heading testimonial-heading\">M\u00e9lie M-Di\u00e9ne<\/h3><div data-infinite-loop=\"false\"  class=\"wpmtst-testimonial-content testimonial-content\"><div class=\"maybe-clear\"><\/div><p>Inma est tr\u00e8s accueillante, bienveillante, \u00e0 l&rsquo;\u00e9coute, elle met \u00e0 l&rsquo;aise. Le soin visage et corps magie sensorielle dont j&rsquo;ai b\u00e9n\u00e9fici\u00e9 est juste topissime, relaxant. Inma a des doigts de f\u00e9e et ne compte pas son temps.J&rsquo;ai pass\u00e9 un agr\u00e9able moment de d\u00e9tente. J&rsquo;y emm\u00e8ne donc ma fille les yeux ferm\u00e9s \ud83d\ude09<\/p><p>PAGES JAUNES &#8211; 12\/04\/2019<\/p><\/div><div class=\"clear\"><\/div><\/div><\/div><div class=\"wpmtst-testimonial testimonial t-slide post-1335\"><div class=\"wpmtst-testimonial-inner testimonial-inner\"><h3 class=\"wpmtst-testimonial-heading testimonial-heading\">Emilie Paciullo<\/h3><div data-infinite-loop=\"false\"  class=\"wpmtst-testimonial-content testimonial-content\"><div class=\"maybe-clear\"><\/div><p>Un \u00e9norme MERCI pour ce moment de pur plaisir et de d\u00e9tente avec le soin magie sensorielle ! C&rsquo;\u00e9tait juste MAGIQUE et DIVIN !!! En toute sinc\u00e9rit\u00e9, un des meilleurs soins que j&rsquo;ai fait&#8230;et croyez moi, c&rsquo;est loin d&rsquo;\u00eatre mon premier&#8230;<\/p><p>Je le recommande vivement \u00e0 toutes les amatrices de d\u00e9tente et de relaxation&#8230;.Pour ma part, a renouveler tr\u00e8s tr\u00e8s rapidement&#8230;.Merci INMA!<\/p><p>SITE INM&rsquo;AROMASENS &#8211; 08\/04\/2019<\/p><\/div><div class=\"clear\"><\/div><\/div><\/div><div class=\"wpmtst-testimonial testimonial t-slide post-1310\"><div class=\"wpmtst-testimonial-inner testimonial-inner\"><h3 class=\"wpmtst-testimonial-heading testimonial-heading\">Sophie Leriche<\/h3><div data-infinite-loop=\"false\"  class=\"wpmtst-testimonial-content testimonial-content\"><div class=\"maybe-clear\"><\/div><p>Merci beaucoup inma pour ce d\u00e9licieux moment de d\u00e9tente toujours aussi agr\u00e9able de venir chez toi et j en avait vraiment besoin<\/p><p>GOOGLE : 28\/03\/2019<\/p><\/div><div class=\"clear\"><\/div><\/div><\/div><div class=\"wpmtst-testimonial testimonial t-slide post-1285\"><div class=\"wpmtst-testimonial-inner testimonial-inner\"><h3 class=\"wpmtst-testimonial-heading testimonial-heading\">Juliette Lebas<\/h3><div data-infinite-loop=\"false\"  class=\"wpmtst-testimonial-content testimonial-content\"><div class=\"maybe-clear\"><\/div><p class=\"adminReviewsItem__title\"><strong>Vivement recommand\u00e9e pour un mariage!<\/strong><\/p><p class=\"adminReviewsItem__description \">Ma m\u00e8re, ma s\u0153ur et moi avons pass\u00e9 un tr\u00e8s bon moment avec Inma qui nous a mises \u00e0 l&rsquo;aise tout de suite. Tr\u00e8s professionnelle, agr\u00e9able et \u00e0 l&rsquo;\u00e9coute, elle a r\u00e9alis\u00e9 un tr\u00e8s beau travail sur nous 3, parfaitement conforme \u00e0 nos attentes, sans que nous ne lui ayons donn\u00e9 beaucoup d&rsquo;indications au pr\u00e9alable (sachant par ailleurs que je n&rsquo;avais pas trouv\u00e9 le temps de faire une s\u00e9ance d&rsquo;essai avant le jour J).<\/p><p>Nous sommes toutes parties ravies du r\u00e9sultat, et je n&rsquo;h\u00e9siterai pas \u00e0 la solliciter pour d&rsquo;autres occasions!<\/p><p>MARIAGE.NET : 13\/10\/2018<\/p><\/div><div class=\"clear\"><\/div><\/div><\/div><div class=\"wpmtst-testimonial testimonial t-slide post-1284\"><div class=\"wpmtst-testimonial-inner testimonial-inner\"><h3 class=\"wpmtst-testimonial-heading testimonial-heading\">Elise Michel<\/h3><div data-infinite-loop=\"false\"  class=\"wpmtst-testimonial-content testimonial-content\"><div class=\"maybe-clear\"><\/div><p class=\"adminReviewsItem__title\"><strong>Merci Inma !<\/strong><\/p><p class=\"adminReviewsItem__description \">Quoi de mieux que d&rsquo;\u00eatre accompagn\u00e9e par une esth\u00e9ticienne pleine de bons conseils, douce et tr\u00e8s \u00e0 l&rsquo;\u00e9coute durant ses pr\u00e9paratifs de mariage et surtout le jour J ?!<br \/>\nMerci \u00e0 toi Inma pour ce maquillage qui me ressemblait parfaitement et qui a tr\u00e8s bien tenu toute la journ\u00e9e !<\/p><p>MARIAGE.NET : 02\/10\/2018<\/p><div class=\"adminReviewsItem__img\"><\/div><\/div><div class=\"clear\"><\/div><\/div><\/div><div class=\"wpmtst-testimonial testimonial t-slide post-1283\"><div class=\"wpmtst-testimonial-inner testimonial-inner\"><h3 class=\"wpmtst-testimonial-heading testimonial-heading\">Agathe Benhayoun<\/h3><div data-infinite-loop=\"false\"  class=\"wpmtst-testimonial-content testimonial-content\"><div class=\"maybe-clear\"><\/div><p class=\"adminReviewsItem__title\"><strong>Allez y les yeux ferm\u00e9s mesdames ! <\/strong><\/p><p class=\"adminReviewsItem__description \">Inma est la personne que toute future mari\u00e9e souhaite, \u00e0 l&rsquo;\u00e9coute, professionnelle et disponible elle a \u00e9t\u00e9 parfaite du d\u00e9but jusqu&rsquo;\u00e0 la fin !<\/p><p>Je souhaitais un maquillage de simple et naturel comment vous dire que le r\u00e9sultat \u00e9tait bien plus haut que les esp\u00e9rances et il a tenu jusqu&rsquo;au bout de la nuit malgr\u00e9 les nombreuses larmes.<\/p><p>Alors encore merci pour tout et trouver une professionnelle de qualit\u00e9 comme cela sur Reims c&rsquo;est du pain b\u00e9ni !<\/p><p>MARIAGE.NET \u00a0: 09\/10\/2018<\/p><\/div><div class=\"clear\"><\/div><\/div><\/div><div class=\"wpmtst-testimonial testimonial t-slide post-1278\"><div class=\"wpmtst-testimonial-inner testimonial-inner\"><h3 class=\"wpmtst-testimonial-heading testimonial-heading\">C\u00e9lia Devulder<\/h3><div data-infinite-loop=\"false\"  class=\"wpmtst-testimonial-content testimonial-content\"><div class=\"maybe-clear\"><\/div><p class=\"adminReviewsItem__title\"><strong>Tout simplement parfait ! <\/strong><\/p><p class=\"adminReviewsItem__description \">Ecoute, adaptation et d\u00e9licatesse sont les maitres mots du travail r\u00e9alis\u00e9 par Inma !<br \/>\nHabitu\u00e9e \u00e0 me maquiller seule, j&rsquo;\u00e9tais assez exigeante sur le r\u00e9sultat pour le jour J. L&rsquo;essai m&rsquo;a permis de faire connaissance avec Inma et de mettre rendre compte de son professionnalisme et de sa patience.<br \/>\nLe jour J, le r\u00e9sultat final \u00e9tait tr\u00e8s fid\u00e8le \u00e0 l&rsquo;essai et je dirais m\u00eame : \u00ab\u00a0encore plus parfait\u00a0\u00bb.<br \/>\nMesdames, n&rsquo;h\u00e9sitez pas entre les mains expertes d&rsquo;Inma, c&rsquo;est en toute s\u00e9r\u00e9nit\u00e9 et avec douceur que vous vous pr\u00e9parerez pour ce jour si sp\u00e9cial qui vous attend.<\/p><p>Un grand merci Inma&rsquo;AromaSens !<\/p><p>MARIAGE.NET : 26\/04\/2018<\/p><\/div><div class=\"clear\"><\/div><\/div><\/div><div class=\"wpmtst-testimonial testimonial t-slide post-1275\"><div class=\"wpmtst-testimonial-inner testimonial-inner\"><h3 class=\"wpmtst-testimonial-heading testimonial-heading\">B\u00e9reng\u00e8re Menot<\/h3><div data-infinite-loop=\"false\"  class=\"wpmtst-testimonial-content testimonial-content\"><div class=\"maybe-clear\"><\/div><p class=\"adminReviewsItem__description \">Inma est de tr\u00e8s bons conseils, toujours \u00e0 l&rsquo;\u00e9coute et d&rsquo;un grand professionnalisme. Elle sait s&rsquo;adapter \u00e0 nos besoins et \u00e0 notre personnalit\u00e9. Je recommande vivement car je n&rsquo;ai pas du tout \u00e9t\u00e9 d\u00e9\u00e7ue de lui avoir fait confiance. Elle saura vous sublimer et faire de vous la plus belle mari\u00e9e de la journ\u00e9e.<\/p><p>MARIAGE.NET :\u00a008\/06\/2017<\/p><\/div><div class=\"clear\"><\/div><\/div><\/div><div class=\"wpmtst-testimonial testimonial t-slide post-1274\"><div class=\"wpmtst-testimonial-inner testimonial-inner\"><h3 class=\"wpmtst-testimonial-heading testimonial-heading\">Carole Moisson<\/h3><div data-infinite-loop=\"false\"  class=\"wpmtst-testimonial-content testimonial-content\"><div class=\"maybe-clear\"><\/div><p>Tr\u00e8s grand sens de l&rsquo;\u00e9coute, beaucoup de professionnalise, elle est tr\u00e8s disponible. Une superbe gamme de produits de grande qualit\u00e9 qui privil\u00e9gie le c\u00f4t\u00e9 bio\/naturel. Ses conseils m&rsquo;ont \u00e9t\u00e9 d&rsquo;une grande aide et elle a \u00e9norm\u00e9ment de bonnes id\u00e9es. Je recommande vivement ses massages pour un super moment de d\u00e9tente avant le mariage !<\/p><p>MARIAGE.NET 16\/02\/2016<\/p><\/div><div class=\"clear\"><\/div><\/div><\/div><div class=\"wpmtst-testimonial testimonial t-slide post-1270\"><div class=\"wpmtst-testimonial-inner testimonial-inner\"><h3 class=\"wpmtst-testimonial-heading testimonial-heading\">Delphine Latour<\/h3><div data-infinite-loop=\"false\"  class=\"wpmtst-testimonial-content testimonial-content\"><div class=\"maybe-clear\"><\/div><p>Je connais Inma depuis 2011 et j&rsquo;ai \u00e9t\u00e9 l&rsquo;une de ses toutes premi\u00e8res clientes en esth\u00e9tique.<br \/>\nOutre le fait que les produits qu&rsquo;elle utilise et qu&rsquo;elle commercialise sont tops et en plus non test\u00e9s sur animaux, ses prestations sont \u00e0 la hauteur.<br \/>\nInma est une personne attentive, \u00e0 l&rsquo;\u00e9coute, tr\u00e8s douce et a toujours le sourire aux l\u00e8vres.<br \/>\nUn plus, elle s&rsquo;adapte aux horaires de ses clients.<br \/>\nSon institut \u00e9tant chez elle, le cadre est tr\u00e8s convivial.<br \/>\nJe ne peux faire que des \u00e9loges \u00e0 son sujet et la recommander.<\/p><p>GOOGLE<\/p><\/div><div class=\"clear\"><\/div><\/div><\/div><div class=\"wpmtst-testimonial testimonial t-slide post-1269\"><div class=\"wpmtst-testimonial-inner testimonial-inner\"><h3 class=\"wpmtst-testimonial-heading testimonial-heading\">Michel D&rsquo;Antonio<\/h3><div data-infinite-loop=\"false\"  class=\"wpmtst-testimonial-content testimonial-content\"><div class=\"maybe-clear\"><\/div><p>Institut tr\u00e8s professionnelle, propre et organis\u00e9e , tr\u00e8s bons soins .Inma donne de tr\u00e8s bons conseils et propose des produits de qualit\u00e9s.Accueil tr\u00e8s chaleureux toujours souriante gentille, j&rsquo;adore!!! au top. Institut que je vous recommande vivement pour un moment de d\u00e9tente et de relaxation . Je recommande!!!!!<\/p><p>GOOGLE<\/p><\/div><div class=\"clear\"><\/div><\/div><\/div><div class=\"wpmtst-testimonial testimonial t-slide post-1268\"><div class=\"wpmtst-testimonial-inner testimonial-inner\"><h3 class=\"wpmtst-testimonial-heading testimonial-heading\">Lucie Fromont<\/h3><div data-infinite-loop=\"false\"  class=\"wpmtst-testimonial-content testimonial-content\"><div class=\"maybe-clear\"><\/div><p>Un tr\u00e8s bel institut avec de tr\u00e8s bons produits. Inma est disponible, professionnelle et tr\u00e8s douce. De bons conseils.<br \/>\nJe recommande vivement !<\/p><p>GOOGLE<\/p><\/div><div class=\"clear\"><\/div><\/div><\/div><div class=\"wpmtst-testimonial testimonial t-slide post-1265\"><div class=\"wpmtst-testimonial-inner testimonial-inner\"><h3 class=\"wpmtst-testimonial-heading testimonial-heading\">madi26<\/h3><div data-infinite-loop=\"false\"  class=\"wpmtst-testimonial-content testimonial-content\"><div class=\"maybe-clear\"><\/div><p>Accueil tr\u00e8s chaleureux , j ai beaucoup aim\u00e9 la fa\u00e7on de masser qui est tr\u00e8s enveloppante et personnalis\u00e9e dans la mesure o\u00f9 on se sent dans l&rsquo;\u00e9change .Belle exp\u00e9rience ; Merci Inma .<\/p><p>PAGES JAUNES : 04\/02\/2019<\/p><\/div><div class=\"clear\"><\/div><\/div><\/div><div class=\"wpmtst-testimonial testimonial t-slide post-1264\"><div class=\"wpmtst-testimonial-inner testimonial-inner\"><h3 class=\"wpmtst-testimonial-heading testimonial-heading\">Lanhermarie<\/h3><div data-infinite-loop=\"false\"  class=\"wpmtst-testimonial-content testimonial-content\"><div class=\"maybe-clear\"><\/div><p>Un seul mot : Merci !!!! Massage au top ainsi que soin du visage et maquillage. Tr\u00e8s pro, attentionn\u00e9e et de bon conseil !<\/p><p>PAGES JAUNES : 31\/10\/2018<\/p><\/div><div class=\"clear\"><\/div><\/div><\/div><div class=\"wpmtst-testimonial testimonial t-slide post-1263\"><div class=\"wpmtst-testimonial-inner testimonial-inner\"><h3 class=\"wpmtst-testimonial-heading testimonial-heading\">Didier<\/h3><div data-infinite-loop=\"false\"  class=\"wpmtst-testimonial-content testimonial-content\"><div class=\"maybe-clear\"><\/div><p>Je recommande cet institut de beaut\u00e9 ! Inma est adorable et fait un travail remarquable notamment pour les soins visage. Un endroit o\u00f9 on est tr\u00e8s bien accueilli et un service de qualit\u00e9 !<\/p><p>PAGES JAUNES : 03\/10\/2018<\/p><\/div><div class=\"clear\"><\/div><\/div><\/div><div class=\"wpmtst-testimonial testimonial t-slide post-1261\"><div class=\"wpmtst-testimonial-inner testimonial-inner\"><h3 class=\"wpmtst-testimonial-heading testimonial-heading\">Nathanael Ferrand<\/h3><div data-infinite-loop=\"false\"  class=\"wpmtst-testimonial-content testimonial-content\"><div class=\"maybe-clear\"><\/div><p>PARFAIT! ! Tr\u00e8s pro , tr\u00e8s agr\u00e9able tr\u00e8s souriante. Toujours de bon conseil. Des super produits. D\u00e9tente assurer . C&rsquo;est toujours un agr\u00e9able plaisir de venir, un rdv a ne pas manquer. Merci Inma de m&#8217;embellir!<\/p><p>GOOGLE<\/p><\/div><div class=\"clear\"><\/div><\/div><\/div><div class=\"wpmtst-testimonial testimonial t-slide post-1260\"><div class=\"wpmtst-testimonial-inner testimonial-inner\"><h3 class=\"wpmtst-testimonial-heading testimonial-heading\">Nicole Mapelli<\/h3><div data-infinite-loop=\"false\"  class=\"wpmtst-testimonial-content testimonial-content\"><div class=\"maybe-clear\"><\/div><p>Elle adore son m\u00e9tier et cela se ressent dans les soins et les conseils qu&rsquo;elle prodigue. Une personne \u00e0 conna\u00eetre.<\/p><p>PAGES JAUNES : 06\/06\/2018<\/p><\/div><div class=\"clear\"><\/div><\/div><\/div><div class=\"wpmtst-testimonial testimonial t-slide post-1257\"><div class=\"wpmtst-testimonial-inner testimonial-inner\"><h3 class=\"wpmtst-testimonial-heading testimonial-heading\">Pauline Fromont<\/h3><div data-infinite-loop=\"false\"  class=\"wpmtst-testimonial-content testimonial-content\"><div class=\"maybe-clear\"><\/div><p>Super esth\u00e9ticienne ! Tr\u00e8s professionnelle et \u00e0 l&rsquo;\u00e9coute. Je recommande ++. Jamais d\u00e9\u00e7ue !<\/p><p>PAGES JAUNES : 05\/04\/2018<\/p><\/div><div class=\"clear\"><\/div><\/div><\/div><div class=\"wpmtst-testimonial testimonial t-slide post-204\"><div class=\"wpmtst-testimonial-inner testimonial-inner\"><h3 class=\"wpmtst-testimonial-heading testimonial-heading\">Eleonore Joss<\/h3><div data-infinite-loop=\"false\"  class=\"wpmtst-testimonial-content testimonial-content\"><div class=\"maybe-clear\"><\/div><p>Imma est une esth\u00e9ticienne comp\u00e9tente et chaleureuse et surtout elle prend le temps de faire les soins et \u00e7a c&rsquo;est vraiment appr\u00e9ciable et top. Des soins de qualit\u00e9 je recommande vivement !!<\/p><p>FACEBOOK<\/p><\/div><div class=\"clear\"><\/div><\/div><\/div><div class=\"wpmtst-testimonial testimonial t-slide post-201\"><div class=\"wpmtst-testimonial-inner testimonial-inner\"><h3 class=\"wpmtst-testimonial-heading testimonial-heading\">Alexandra Tonnelier<\/h3><div data-infinite-loop=\"false\"  class=\"wpmtst-testimonial-content testimonial-content\"><div class=\"maybe-clear\"><\/div><p>Premier rendez vous semaine derni\u00e8re , super contente de ma 1\u00e8re prestation . Ce soir 2\u00e8me rendez vous et la y a du travail \ud83d\ude02 !!!! La g\u00e9rante est vraiment super accueillante , gentille et professionnelle , elle prend son temps pour que le r\u00e9sultat soit parfait . Cet institut n est pas une usine &#8230; et c est ce que je recherche .<\/p><p>GOOGLE<\/p><\/div><div class=\"clear\"><\/div><\/div><\/div><div class=\"wpmtst-testimonial testimonial t-slide post-200\"><div class=\"wpmtst-testimonial-inner testimonial-inner\"><h3 class=\"wpmtst-testimonial-heading testimonial-heading\">Jessica L<\/h3><div data-infinite-loop=\"false\"  class=\"wpmtst-testimonial-content testimonial-content\"><div class=\"maybe-clear\"><\/div><p>Un moment super agr\u00e9able. C&rsquo;\u00e9tait la premi\u00e8re fois que je venais, elle m&rsquo;a mis tout de suite en confiance et elle m&rsquo;a expliqu\u00e9 ce qu&rsquo;elle allait faire et comment. Une personne professionnelle qui aime son metier et \u00e7a se voit ! N&rsquo;h\u00e9sitez pas, \u00e0 passer sa porte , un moment de d\u00e9tente vous y attend \ud83d\ude09<\/p><p>GOOGLE<\/p><\/div><div class=\"clear\"><\/div><\/div><\/div><div class=\"wpmtst-testimonial testimonial t-slide post-198\"><div class=\"wpmtst-testimonial-inner testimonial-inner\"><h3 class=\"wpmtst-testimonial-heading testimonial-heading\">St\u00e9phanie Pierre<\/h3><div data-infinite-loop=\"false\"  class=\"wpmtst-testimonial-content testimonial-content\"><div class=\"maybe-clear\"><\/div><p>Tr\u00e8s bon accueil, tr\u00e8s bonnes prestations et toujours aussi satisfaite depuis des ann\u00e9es<\/p><p>GOOGLE<\/p><\/div><div class=\"clear\"><\/div><\/div><\/div><\/div><\/div><\/div><\/div><\/div><div id=\"pgc-277-8-1\"  class=\"panel-grid-cell\" ><div id=\"panel-277-8-1-0\" class=\"widget_text so-panel widget widget_custom_html panel-first-child panel-last-child\" data-index=\"22\" ><div class=\"textwidget custom-html-widget\">\n\t\t<!-- MasterSlider -->\n\t\t<div id=\"P_MS69f1fab930146\" class=\"master-slider-parent msl ms-parent-id-2\" style=\"max-width:500px;\">\n\n\t\t\t\n\t\t\t<!-- MasterSlider Main -->\n\t\t\t<div id=\"MS69f1fab930146\" class=\"master-slider ms-skin-default\" >\n\t\t\t\t \t\t\t\t \n\t\t\t\t<div  class=\"ms-slide\" data-delay=\"3\" data-fill-mode=\"fit\"  >\n\t\t\t\t\t<img decoding=\"async\" src=\"https:\/\/xn--institut-beaut-reims-o2b.com\/wp-content\/plugins\/master-slider\/public\/assets\/css\/blank.gif\" alt=\"\" title=\"\" data-src=\"https:\/\/xn--institut-beaut-reims-o2b.com\/wp-content\/uploads\/2023\/09\/IMG_9287.jpg\" \/>\n\n\n\t<div class=\"ms-thumb\" ><div class=\"ms-tab-context\"><div class=\"&quot;ms-tab-context&quot;\"><\/div><\/div>\n<\/div>\n\t\t\t\t<\/div>\n\t\t\t\t<div  class=\"ms-slide\" data-delay=\"3\" data-fill-mode=\"fit\"  >\n\t\t\t\t\t<img decoding=\"async\" src=\"https:\/\/xn--institut-beaut-reims-o2b.com\/wp-content\/plugins\/master-slider\/public\/assets\/css\/blank.gif\" alt=\"\" title=\"\" data-src=\"https:\/\/xn--institut-beaut-reims-o2b.com\/wp-content\/uploads\/2023\/09\/IMG_9315.jpg\" \/>\n\n\n\t<div class=\"ms-thumb\" ><div class=\"ms-tab-context\"><div class=\"&quot;ms-tab-context&quot;\"><\/div><\/div>\n<\/div>\n\t\t\t\t<\/div>\n\t\t\t\t<div  class=\"ms-slide\" data-delay=\"3\" data-fill-mode=\"fit\"  >\n\t\t\t\t\t<img decoding=\"async\" src=\"https:\/\/xn--institut-beaut-reims-o2b.com\/wp-content\/plugins\/master-slider\/public\/assets\/css\/blank.gif\" alt=\"\" title=\"\" data-src=\"https:\/\/xn--institut-beaut-reims-o2b.com\/wp-content\/uploads\/2023\/09\/IMG_9307.jpg\" \/>\n\n\n\t<div class=\"ms-thumb\" ><div class=\"ms-tab-context\"><div class=\"&quot;ms-tab-context&quot;\"><\/div><\/div>\n<\/div>\n\t\t\t\t<\/div>\n\t\t\t\t<div  class=\"ms-slide\" data-delay=\"3\" data-fill-mode=\"fill\"  >\n\t\t\t\t\t<img decoding=\"async\" src=\"https:\/\/xn--institut-beaut-reims-o2b.com\/wp-content\/plugins\/master-slider\/public\/assets\/css\/blank.gif\" alt=\"\" title=\"\" data-src=\"https:\/\/xn--institut-beaut-reims-o2b.com\/wp-content\/uploads\/2022\/11\/IMG_5396.jpg\" \/>\n\n\n\t<div class=\"ms-thumb\" ><div class=\"ms-tab-context\"><div class=\"&quot;ms-tab-context&quot;\"><\/div><\/div>\n<\/div>\n\t\t\t\t<\/div>\n\t\t\t\t<div  class=\"ms-slide\" data-delay=\"3\" data-fill-mode=\"fit\"  >\n\t\t\t\t\t<img decoding=\"async\" src=\"https:\/\/xn--institut-beaut-reims-o2b.com\/wp-content\/plugins\/master-slider\/public\/assets\/css\/blank.gif\" alt=\"\" title=\"\" data-src=\"https:\/\/xn--institut-beaut-reims-o2b.com\/wp-content\/uploads\/2019\/03\/IMG_0032.jpg\" \/>\n\n\n\t<div class=\"ms-thumb\" ><div class=\"ms-tab-context\"><div class=\"&quot;ms-tab-context&quot;\"><\/div><\/div>\n<\/div>\n\t\t\t\t<\/div>\n\t\t\t\t<div  class=\"ms-slide\" data-delay=\"3\" data-fill-mode=\"fit\"  >\n\t\t\t\t\t<img decoding=\"async\" src=\"https:\/\/xn--institut-beaut-reims-o2b.com\/wp-content\/plugins\/master-slider\/public\/assets\/css\/blank.gif\" alt=\"\" title=\"\" data-src=\"https:\/\/xn--institut-beaut-reims-o2b.com\/wp-content\/uploads\/2019\/03\/5a27bebd98bdbae83e23f5e6-1.jpeg\" \/>\n\n\n\t<div class=\"ms-thumb\" ><div class=\"ms-tab-context\"><div class=\"&quot;ms-tab-context&quot;\"><\/div><\/div>\n<\/div>\n\t\t\t\t<\/div>\n\t\t\t\t<div  class=\"ms-slide\" data-delay=\"3\" data-fill-mode=\"fill\"  >\n\t\t\t\t\t<img decoding=\"async\" src=\"https:\/\/xn--institut-beaut-reims-o2b.com\/wp-content\/plugins\/master-slider\/public\/assets\/css\/blank.gif\" alt=\"\" title=\"\" data-src=\"https:\/\/xn--institut-beaut-reims-o2b.com\/wp-content\/uploads\/2020\/12\/IMG_0630-scaled.jpg\" \/>\n\n\n\t<div class=\"ms-thumb\" ><div class=\"ms-tab-context\"><div class=\"&quot;ms-tab-context&quot;\"><\/div><\/div>\n<\/div>\n\t\t\t\t<\/div>\n\t\t\t\t<div  class=\"ms-slide\" data-delay=\"3\" data-fill-mode=\"fill\"  >\n\t\t\t\t\t<img decoding=\"async\" src=\"https:\/\/xn--institut-beaut-reims-o2b.com\/wp-content\/plugins\/master-slider\/public\/assets\/css\/blank.gif\" alt=\"\" title=\"\" data-src=\"https:\/\/xn--institut-beaut-reims-o2b.com\/wp-content\/uploads\/2019\/03\/IMG_0803-scaled.jpg\" \/>\n\n\n\t<div class=\"ms-thumb\" ><div class=\"ms-tab-context\"><div class=\"&quot;ms-tab-context&quot;\"><\/div><\/div>\n<\/div>\n\t\t\t\t<\/div>\n\t\t\t\t<div  class=\"ms-slide\" data-delay=\"3\" data-fill-mode=\"fill\"  >\n\t\t\t\t\t<img decoding=\"async\" src=\"https:\/\/xn--institut-beaut-reims-o2b.com\/wp-content\/plugins\/master-slider\/public\/assets\/css\/blank.gif\" alt=\"\" title=\"\" data-src=\"https:\/\/xn--institut-beaut-reims-o2b.com\/wp-content\/uploads\/2019\/03\/inmaromasens-restructuration-de-sourcils-1.jpg\" \/>\n\n\n\t<div class=\"ms-thumb\" ><div class=\"ms-tab-context\"><div class=\"&quot;ms-tab-context&quot;\"><\/div><\/div>\n<\/div>\n\t\t\t\t<\/div>\n\t\t\t\t<div  class=\"ms-slide\" data-delay=\"3\" data-fill-mode=\"fit\"  >\n\t\t\t\t\t<img decoding=\"async\" src=\"https:\/\/xn--institut-beaut-reims-o2b.com\/wp-content\/plugins\/master-slider\/public\/assets\/css\/blank.gif\" alt=\"\" title=\"\" data-src=\"https:\/\/xn--institut-beaut-reims-o2b.com\/wp-content\/uploads\/2019\/03\/P1060234-e1552924436561.jpg\" \/>\n\n\n\t<div class=\"ms-thumb\" ><div class=\"ms-tab-context\"><div class=\"&quot;ms-tab-context&quot;\"><\/div><\/div>\n<\/div>\n\t\t\t\t<\/div>\n\t\t\t\t<div  class=\"ms-slide\" data-delay=\"3\" data-fill-mode=\"fill\"  >\n\t\t\t\t\t<img decoding=\"async\" src=\"https:\/\/xn--institut-beaut-reims-o2b.com\/wp-content\/plugins\/master-slider\/public\/assets\/css\/blank.gif\" alt=\"\" title=\"\" data-src=\"https:\/\/xn--institut-beaut-reims-o2b.com\/wp-content\/uploads\/2020\/11\/P1000365-scaled.jpg\" \/>\n\n\n\t<div class=\"ms-thumb\" ><div class=\"ms-tab-context\"><div class=\"&quot;ms-tab-context&quot;\"><\/div><\/div>\n<\/div>\n\t\t\t\t<\/div>\n\t\t\t\t<div  class=\"ms-slide\" data-delay=\"3\" data-fill-mode=\"fit\"  >\n\t\t\t\t\t<img decoding=\"async\" src=\"https:\/\/xn--institut-beaut-reims-o2b.com\/wp-content\/plugins\/master-slider\/public\/assets\/css\/blank.gif\" alt=\"\" title=\"\" data-src=\"https:\/\/xn--institut-beaut-reims-o2b.com\/wp-content\/uploads\/2019\/02\/image-18.png\" \/>\n\n\n\t<div class=\"ms-thumb\" ><div class=\"ms-tab-context\"><div class=\"&quot;ms-tab-context&quot;\"><\/div><\/div>\n<\/div>\n\t\t\t\t<\/div>\n\t\t\t\t<div  class=\"ms-slide\" data-delay=\"3\" data-fill-mode=\"fit\"  >\n\t\t\t\t\t<img decoding=\"async\" src=\"https:\/\/xn--institut-beaut-reims-o2b.com\/wp-content\/plugins\/master-slider\/public\/assets\/css\/blank.gif\" alt=\"\" title=\"\" data-src=\"https:\/\/xn--institut-beaut-reims-o2b.com\/wp-content\/uploads\/2019\/03\/P1050708-e1552924467599.jpg\" \/>\n\n\n\t<div class=\"ms-thumb\" ><div class=\"ms-tab-context\"><div class=\"&quot;ms-tab-context&quot;\"><\/div><\/div>\n<\/div>\n\t\t\t\t<\/div>\n\t\t\t\t<div  class=\"ms-slide\" data-delay=\"3\" data-fill-mode=\"fit\"  >\n\t\t\t\t\t<img decoding=\"async\" src=\"https:\/\/xn--institut-beaut-reims-o2b.com\/wp-content\/plugins\/master-slider\/public\/assets\/css\/blank.gif\" alt=\"\" title=\"\" data-src=\"https:\/\/xn--institut-beaut-reims-o2b.com\/wp-content\/uploads\/2019\/03\/P1030009.jpg\" \/>\n\n\n\t<div class=\"ms-thumb\" ><div class=\"ms-tab-context\"><div class=\"&quot;ms-tab-context&quot;\"><\/div><\/div>\n<\/div>\n\t\t\t\t<\/div>\n\t\t\t\t<div  class=\"ms-slide\" data-delay=\"3.1\" data-fill-mode=\"fill\"  >\n\t\t\t\t\t<img decoding=\"async\" src=\"https:\/\/xn--institut-beaut-reims-o2b.com\/wp-content\/plugins\/master-slider\/public\/assets\/css\/blank.gif\" alt=\"\" title=\"\" data-src=\"https:\/\/xn--institut-beaut-reims-o2b.com\/wp-content\/uploads\/2022\/04\/image-8.png\" \/>\n\n\n\t<div class=\"ms-thumb\" ><div class=\"ms-tab-context\"><div class=\"&quot;ms-tab-context&quot;\"><\/div><\/div>\n<\/div>\n\t\t\t\t<\/div>\n\t\t\t\t<div  class=\"ms-slide\" data-delay=\"3\" data-fill-mode=\"fill\"  >\n\t\t\t\t\t<img decoding=\"async\" src=\"https:\/\/xn--institut-beaut-reims-o2b.com\/wp-content\/plugins\/master-slider\/public\/assets\/css\/blank.gif\" alt=\"\" title=\"\" data-src=\"https:\/\/xn--institut-beaut-reims-o2b.com\/wp-content\/uploads\/2022\/04\/image-7.png\" \/>\n\n\n\t<div class=\"ms-thumb\" ><div class=\"ms-tab-context\"><div class=\"&quot;ms-tab-context&quot;\"><\/div><\/div>\n<\/div>\n\t\t\t\t<\/div>\n\t\t\t\t<div  class=\"ms-slide\" data-delay=\"3\" data-fill-mode=\"fill\"  >\n\t\t\t\t\t<img decoding=\"async\" src=\"https:\/\/xn--institut-beaut-reims-o2b.com\/wp-content\/plugins\/master-slider\/public\/assets\/css\/blank.gif\" alt=\"\" title=\"\" data-src=\"https:\/\/xn--institut-beaut-reims-o2b.com\/wp-content\/uploads\/2022\/04\/image-1.jpeg\" \/>\n\n\n\t<div class=\"ms-thumb\" ><div class=\"ms-tab-context\"><div class=\"&quot;ms-tab-context&quot;\"><\/div><\/div>\n<\/div>\n\t\t\t\t<\/div>\n\t\t\t\t<div  class=\"ms-slide\" data-delay=\"3\" data-fill-mode=\"fill\"  >\n\t\t\t\t\t<img decoding=\"async\" src=\"https:\/\/xn--institut-beaut-reims-o2b.com\/wp-content\/plugins\/master-slider\/public\/assets\/css\/blank.gif\" alt=\"\" title=\"\" data-src=\"https:\/\/xn--institut-beaut-reims-o2b.com\/wp-content\/uploads\/2022\/04\/image-3.jpeg\" \/>\n\n\n\t<div class=\"ms-thumb\" ><div class=\"ms-tab-context\"><div class=\"&quot;ms-tab-context&quot;\"><\/div><\/div>\n<\/div>\n\t\t\t\t<\/div>\n\n\t\t\t<\/div>\n\t\t\t<!-- END MasterSlider Main -->\n\n\t\t\t \n\t\t<\/div>\n\t\t<!-- END MasterSlider -->\n\n\t\t<script>\n\t\t(function ( $ ) {\n\t\t\t\"use strict\";\n\n\t\t\t$(function () {\n\t\t\t\tvar masterslider_0146 = new MasterSlider();\n\n\t\t\t\t\/\/ slider controls\n\t\t\t\tmasterslider_0146.control('bullets'    ,{ autohide:false, overVideo:true, dir:'h', align:'bottom' , margin:10  });\n\n\t\t\t\t\/\/ slider setup\n\t\t\t\tmasterslider_0146.setup(\"MS69f1fab930146\", {\n\t\t\t\t\t\twidth           : 500,\n\t\t\t\t\t\theight          : 500,\n\t\t\t\t\t\tminHeight       : 0,\n\t\t\t\t\t\tspace           : 0,\n\t\t\t\t\t\tstart           : 1,\n\t\t\t\t\t\tgrabCursor      : true,\n\t\t\t\t\t\tswipe           : true,\n\t\t\t\t\t\tmouse           : true,\n\t\t\t\t\t\tlayout          : \"boxed\",\n\t\t\t\t\t\twheel           : false,\n\t\t\t\t\t\tautoplay        : false,\n\t\t\t\t\t\tinstantStartLayers:false,\n\t\t\t\t\t\tloop            : false,\n\t\t\t\t\t\tshuffle         : false,\n\t\t\t\t\t\tpreload         : 0,\n\t\t\t\t\t\theightLimit     : true,\n\t\t\t\t\t\tautoHeight      : false,\n\t\t\t\t\t\tsmoothHeight    : true,\n\t\t\t\t\t\tendPause        : false,\n\t\t\t\t\t\toverPause       : true,\n\t\t\t\t\t\tfillMode        : \"fill\",\n\t\t\t\t\t\tcenterControls  : true,\n\t\t\t\t\t\tstartOnAppear   : false,\n\t\t\t\t\t\tlayersMode      : \"center\",\n\t\t\t\t\t\thideLayers      : false,\n\t\t\t\t\t\tfullscreenMargin: 0,\n\t\t\t\t\t\tspeed           : 17,\n\t\t\t\t\t\tdir             : \"h\",\n\t\t\t\t\t\tparallaxMode    : 'swipe',\n\t\t\t\t\t\tview            : \"basic\"\n\t\t\t\t});\n\n\t\t\t\t\t\t\t\tmasterslider_0146.api.addEventListener(MSSliderEvent.WAITING, function(event){\n  var api = event.target;\n} );\n\n\t\t\t\twindow.masterslider_instances = window.masterslider_instances || [];\n\t\t\t\twindow.masterslider_instances.push( masterslider_0146 );\n\t\t\t });\n\n\t\t})(jQuery);\n\t\t<\/script>\n\n<\/div><\/div><\/div><\/div><div id=\"pg-277-9\"  class=\"panel-grid panel-has-style\" ><div class=\"siteorigin-panels-stretch panel-row-style panel-row-style-for-277-9\" data-stretch-type=\"full\" ><div id=\"pgc-277-9-0\"  class=\"panel-grid-cell\" ><div id=\"panel-277-9-0-0\" class=\"widget_text so-panel widget widget_custom_html panel-first-child panel-last-child\" data-index=\"23\" ><div class=\"textwidget custom-html-widget\">\n<div id=\"sb_instagram\"  class=\"sbi sbi_mob_col_1 sbi_tab_col_2 sbi_col_4 sbi_width_resp\" style=\"padding-bottom: 10px;\"\t data-feedid=\"*1\"  data-res=\"auto\" data-cols=\"4\" data-colsmobile=\"1\" data-colstablet=\"2\" data-num=\"4\" data-nummobile=\"4\" data-item-padding=\"5\"\t data-shortcode-atts=\"{&quot;feed&quot;:&quot;1&quot;}\"  data-postid=\"\" data-locatornonce=\"7b1477ce1d\" data-imageaspectratio=\"1:1\" data-sbi-flags=\"favorLocal,gdpr\">\n\t<div class=\"sb_instagram_header  sbi_medium\"   >\n\t<a class=\"sbi_header_link\" target=\"_blank\"\n\t   rel=\"nofollow noopener\" href=\"https:\/\/www.instagram.com\/inmaromasens\/\" title=\"@inmaromasens\">\n\t\t<div class=\"sbi_header_text\">\n\t\t\t<div class=\"sbi_header_img\"  data-avatar-url=\"https:\/\/scontent-bru2-1.cdninstagram.com\/v\/t51.2885-19\/466704648_857671592888336_1431720013888412061_n.jpg?stp=dst-jpg_s206x206_tt6&amp;_nc_cat=102&amp;ccb=7-5&amp;_nc_sid=bf7eb4&amp;efg=eyJ2ZW5jb2RlX3RhZyI6InByb2ZpbGVfcGljLnd3dy43ODAuQzMifQ%3D%3D&amp;_nc_ohc=YGFl9X5bkC4Q7kNvwHJigZI&amp;_nc_oc=AdoKywwYayCyDp-D7T7_qW1EIymbcOmRZSXamhvHRg6m2xk4Ir15NiVL6T2wkoZuPus&amp;_nc_zt=24&amp;_nc_ht=scontent-bru2-1.cdninstagram.com&amp;edm=AP4hL3IEAAAA&amp;_nc_tpa=Q5bMBQH5b66A84egMg40OGGyhkpm3_xEMluy2Xp1jMkN3GS6bil7NdA1MxIUb8WnfYJ9FIIApZRLC-epOQ&amp;oh=00_Af1n7vZi4xBrJsGoRIZX4c6LYp6F-LNPsCkVFTS3TfzOuQ&amp;oe=69F7DB35\">\n\t\t\t\t\t\t\t\t\t<div class=\"sbi_header_img_hover\"  ><svg class=\"sbi_new_logo fa-instagram fa-w-14\" aria-hidden=\"true\" data-fa-processed=\"\" aria-label=\"Instagram\" data-prefix=\"fab\" data-icon=\"instagram\" role=\"img\" viewBox=\"0 0 448 512\">\n                    <path fill=\"currentColor\" d=\"M224.1 141c-63.6 0-114.9 51.3-114.9 114.9s51.3 114.9 114.9 114.9S339 319.5 339 255.9 287.7 141 224.1 141zm0 189.6c-41.1 0-74.7-33.5-74.7-74.7s33.5-74.7 74.7-74.7 74.7 33.5 74.7 74.7-33.6 74.7-74.7 74.7zm146.4-194.3c0 14.9-12 26.8-26.8 26.8-14.9 0-26.8-12-26.8-26.8s12-26.8 26.8-26.8 26.8 12 26.8 26.8zm76.1 27.2c-1.7-35.9-9.9-67.7-36.2-93.9-26.2-26.2-58-34.4-93.9-36.2-37-2.1-147.9-2.1-184.9 0-35.8 1.7-67.6 9.9-93.9 36.1s-34.4 58-36.2 93.9c-2.1 37-2.1 147.9 0 184.9 1.7 35.9 9.9 67.7 36.2 93.9s58 34.4 93.9 36.2c37 2.1 147.9 2.1 184.9 0 35.9-1.7 67.7-9.9 93.9-36.2 26.2-26.2 34.4-58 36.2-93.9 2.1-37 2.1-147.8 0-184.8zM398.8 388c-7.8 19.6-22.9 34.7-42.6 42.6-29.5 11.7-99.5 9-132.1 9s-102.7 2.6-132.1-9c-19.6-7.8-34.7-22.9-42.6-42.6-11.7-29.5-9-99.5-9-132.1s-2.6-102.7 9-132.1c7.8-19.6 22.9-34.7 42.6-42.6 29.5-11.7 99.5-9 132.1-9s102.7-2.6 132.1 9c19.6 7.8 34.7 22.9 42.6 42.6 11.7 29.5 9 99.5 9 132.1s2.7 102.7-9 132.1z\"><\/path>\n                <\/svg><\/div>\n\t\t\t\t\t<img loading=\"lazy\" decoding=\"async\"  src=\"https:\/\/xn--institut-beaut-reims-o2b.com\/wp-content\/uploads\/sb-instagram-feed-images\/inmaromasens.webp\" alt=\"\" width=\"50\" height=\"50\">\n\t\t\t\t\n\t\t\t\t\t\t\t<\/div>\n\n\t\t\t<div class=\"sbi_feedtheme_header_text\">\n\t\t\t\t<h3>inmaromasens<\/h3>\n\t\t\t\t\t\t\t\t\t<p class=\"sbi_bio\">J\u2019accompagne les femmes \u00e0 chaque \u00e9tape de leur vie<br>\n\ud83c\udf40Soins visage <br>\n\ud83c\udf40 drainage lymphatique - Chi Nei Zang - Reiki<br>\n\ud83c\udf40Coaching de Vie<br>\n\ud83d\udcdeRDV 06 09 17 81 33<\/p>\n\t\t\t\t\t\t\t<\/div>\n\t\t<\/div>\n\t<\/a>\n<\/div>\n\n\t<div id=\"sbi_images\"  style=\"gap: 10px;\">\n\t\t<div class=\"sbi_item sbi_type_image sbi_new sbi_transition\"\n\tid=\"sbi_17935281138223635\" data-date=\"1776848035\">\n\t<div class=\"sbi_photo_wrap\">\n\t\t<a class=\"sbi_photo\" href=\"https:\/\/www.instagram.com\/p\/DXbYr_XiONr\/\" target=\"_blank\" rel=\"noopener nofollow\"\n\t\t\tdata-full-res=\"https:\/\/scontent-bru2-1.cdninstagram.com\/v\/t51.82787-15\/673808276_18439460842142591_1903198574334921469_n.jpg?stp=dst-jpg_e35_tt6&#038;_nc_cat=100&#038;ccb=7-5&#038;_nc_sid=18de74&#038;efg=eyJlZmdfdGFnIjoiRkVFRC5iZXN0X2ltYWdlX3VybGdlbi5DMyJ9&#038;_nc_ohc=uGoK6qP9xgkQ7kNvwEC3PD8&#038;_nc_oc=Adr-yy9QvTy07ehIY-lAzAEQ83r6KlyspJss3s0t_zdW4pFBlVFRcNtRjzjdlZtd5LA&#038;_nc_zt=23&#038;_nc_ht=scontent-bru2-1.cdninstagram.com&#038;edm=ANo9K5cEAAAA&#038;_nc_gid=R1nUMInC6kOfRFKGYMr7NQ&#038;_nc_tpa=Q5bMBQG3EEPUv2ljjEIFjgnEnPBP0HBCR19JYTM2YjetmpwNnqB2GDI5hF3YnacXdZyHVXRZcX_bRfM01Q&#038;oh=00_Af1Khlm1RyPqCDe1wySwzni8BNtUPoVIwY6hzgpROFtt5Q&#038;oe=69F7D99C\"\n\t\t\tdata-img-src-set=\"{&quot;d&quot;:&quot;https:\\\/\\\/scontent-bru2-1.cdninstagram.com\\\/v\\\/t51.82787-15\\\/673808276_18439460842142591_1903198574334921469_n.jpg?stp=dst-jpg_e35_tt6&amp;_nc_cat=100&amp;ccb=7-5&amp;_nc_sid=18de74&amp;efg=eyJlZmdfdGFnIjoiRkVFRC5iZXN0X2ltYWdlX3VybGdlbi5DMyJ9&amp;_nc_ohc=uGoK6qP9xgkQ7kNvwEC3PD8&amp;_nc_oc=Adr-yy9QvTy07ehIY-lAzAEQ83r6KlyspJss3s0t_zdW4pFBlVFRcNtRjzjdlZtd5LA&amp;_nc_zt=23&amp;_nc_ht=scontent-bru2-1.cdninstagram.com&amp;edm=ANo9K5cEAAAA&amp;_nc_gid=R1nUMInC6kOfRFKGYMr7NQ&amp;_nc_tpa=Q5bMBQG3EEPUv2ljjEIFjgnEnPBP0HBCR19JYTM2YjetmpwNnqB2GDI5hF3YnacXdZyHVXRZcX_bRfM01Q&amp;oh=00_Af1Khlm1RyPqCDe1wySwzni8BNtUPoVIwY6hzgpROFtt5Q&amp;oe=69F7D99C&quot;,&quot;150&quot;:&quot;https:\\\/\\\/scontent-bru2-1.cdninstagram.com\\\/v\\\/t51.82787-15\\\/673808276_18439460842142591_1903198574334921469_n.jpg?stp=dst-jpg_e35_tt6&amp;_nc_cat=100&amp;ccb=7-5&amp;_nc_sid=18de74&amp;efg=eyJlZmdfdGFnIjoiRkVFRC5iZXN0X2ltYWdlX3VybGdlbi5DMyJ9&amp;_nc_ohc=uGoK6qP9xgkQ7kNvwEC3PD8&amp;_nc_oc=Adr-yy9QvTy07ehIY-lAzAEQ83r6KlyspJss3s0t_zdW4pFBlVFRcNtRjzjdlZtd5LA&amp;_nc_zt=23&amp;_nc_ht=scontent-bru2-1.cdninstagram.com&amp;edm=ANo9K5cEAAAA&amp;_nc_gid=R1nUMInC6kOfRFKGYMr7NQ&amp;_nc_tpa=Q5bMBQG3EEPUv2ljjEIFjgnEnPBP0HBCR19JYTM2YjetmpwNnqB2GDI5hF3YnacXdZyHVXRZcX_bRfM01Q&amp;oh=00_Af1Khlm1RyPqCDe1wySwzni8BNtUPoVIwY6hzgpROFtt5Q&amp;oe=69F7D99C&quot;,&quot;320&quot;:&quot;https:\\\/\\\/scontent-bru2-1.cdninstagram.com\\\/v\\\/t51.82787-15\\\/673808276_18439460842142591_1903198574334921469_n.jpg?stp=dst-jpg_e35_tt6&amp;_nc_cat=100&amp;ccb=7-5&amp;_nc_sid=18de74&amp;efg=eyJlZmdfdGFnIjoiRkVFRC5iZXN0X2ltYWdlX3VybGdlbi5DMyJ9&amp;_nc_ohc=uGoK6qP9xgkQ7kNvwEC3PD8&amp;_nc_oc=Adr-yy9QvTy07ehIY-lAzAEQ83r6KlyspJss3s0t_zdW4pFBlVFRcNtRjzjdlZtd5LA&amp;_nc_zt=23&amp;_nc_ht=scontent-bru2-1.cdninstagram.com&amp;edm=ANo9K5cEAAAA&amp;_nc_gid=R1nUMInC6kOfRFKGYMr7NQ&amp;_nc_tpa=Q5bMBQG3EEPUv2ljjEIFjgnEnPBP0HBCR19JYTM2YjetmpwNnqB2GDI5hF3YnacXdZyHVXRZcX_bRfM01Q&amp;oh=00_Af1Khlm1RyPqCDe1wySwzni8BNtUPoVIwY6hzgpROFtt5Q&amp;oe=69F7D99C&quot;,&quot;640&quot;:&quot;https:\\\/\\\/scontent-bru2-1.cdninstagram.com\\\/v\\\/t51.82787-15\\\/673808276_18439460842142591_1903198574334921469_n.jpg?stp=dst-jpg_e35_tt6&amp;_nc_cat=100&amp;ccb=7-5&amp;_nc_sid=18de74&amp;efg=eyJlZmdfdGFnIjoiRkVFRC5iZXN0X2ltYWdlX3VybGdlbi5DMyJ9&amp;_nc_ohc=uGoK6qP9xgkQ7kNvwEC3PD8&amp;_nc_oc=Adr-yy9QvTy07ehIY-lAzAEQ83r6KlyspJss3s0t_zdW4pFBlVFRcNtRjzjdlZtd5LA&amp;_nc_zt=23&amp;_nc_ht=scontent-bru2-1.cdninstagram.com&amp;edm=ANo9K5cEAAAA&amp;_nc_gid=R1nUMInC6kOfRFKGYMr7NQ&amp;_nc_tpa=Q5bMBQG3EEPUv2ljjEIFjgnEnPBP0HBCR19JYTM2YjetmpwNnqB2GDI5hF3YnacXdZyHVXRZcX_bRfM01Q&amp;oh=00_Af1Khlm1RyPqCDe1wySwzni8BNtUPoVIwY6hzgpROFtt5Q&amp;oe=69F7D99C&quot;}\">\n\t\t\t<span class=\"sbi-screenreader\">Et si vous vous sentiez comme \u00e7a\u2026\n\nEnvelopp\u00e9e, apa<\/span>\n\t\t\t\t\t\t\t\t\t<img decoding=\"async\" src=\"https:\/\/xn--institut-beaut-reims-o2b.com\/wp-content\/plugins\/instagram-feed\/img\/placeholder.png\" alt=\"Et si vous vous sentiez comme \u00e7a\u2026\n\nEnvelopp\u00e9e, apais\u00e9e\u2026\nSimplement bien ! \n\nOffrez-vous plus qu\u2019un soin,\nun v\u00e9ritable moment de reconnexion \u00e0 vous-m\u00eame.\n\nVotre parenth\u00e8se commence ici ! \n\nAu plaisir de vous recevoir\n\nEsth\u00e9tiquement votre, \n\nInma \n@massage_coaching_holistique \n\n\ud83d\udcf10\ufe0f\u20e36\ufe0f\u20e3 0\ufe0f\u20e39\ufe0f\u20e3 1\ufe0f\u20e37\ufe0f\u20e3 8\ufe0f\u20e31\ufe0f\u20e3 3\ufe0f\u20e33\ufe0f\u20e3 (\ud835\udc2c\ud835\udc2e\ud835\udc2b \ud835\udc11\ud835\udc03\ud835\udc15)\n\nhttps:\/\/xn\u2014institut-beaut-reims-o2b.com\/\n\n#InmAromaSens  #clairmarais #institutdebeaut\u00e9reims #bienetrereims\" aria-hidden=\"true\">\n\t\t<\/a>\n\t<\/div>\n<\/div><div class=\"sbi_item sbi_type_video sbi_new sbi_transition\"\n\tid=\"sbi_18108819607859509\" data-date=\"1776415714\">\n\t<div class=\"sbi_photo_wrap\">\n\t\t<a class=\"sbi_photo\" href=\"https:\/\/www.instagram.com\/reel\/DXOfmdFDpWu\/\" target=\"_blank\" rel=\"noopener nofollow\"\n\t\t\tdata-full-res=\"https:\/\/scontent-bru2-1.cdninstagram.com\/v\/t51.71878-15\/670678750_1330250255739308_3336641822868256460_n.jpg?stp=dst-jpg_e35_tt6&#038;_nc_cat=104&#038;ccb=7-5&#038;_nc_sid=18de74&#038;efg=eyJlZmdfdGFnIjoiQ0xJUFMuYmVzdF9pbWFnZV91cmxnZW4uQzMifQ%3D%3D&#038;_nc_ohc=iSiYGl-qrLUQ7kNvwHnGfjW&#038;_nc_oc=AdrQO0UXXKjvU3W0-Z05kfMIucgur14oQ5rZE5yWA7MJ5hkC0vKgCTWEwLhYePc699I&#038;_nc_zt=23&#038;_nc_ht=scontent-bru2-1.cdninstagram.com&#038;edm=ANo9K5cEAAAA&#038;_nc_gid=R1nUMInC6kOfRFKGYMr7NQ&#038;_nc_tpa=Q5bMBQE6YYBoj2CVXN7czZeBz6yvcdPmvvw3PDh1YQXcwEx77C0RxLA1JHUZ59RlkhRFa82zIKaGmIrXIg&#038;oh=00_Af2_gtG0mcQuop9fc99HOvJ5NndBFjyMMdoD8TlkXvcNyw&#038;oe=69F7AD35\"\n\t\t\tdata-img-src-set=\"{&quot;d&quot;:&quot;https:\\\/\\\/scontent-bru2-1.cdninstagram.com\\\/v\\\/t51.71878-15\\\/670678750_1330250255739308_3336641822868256460_n.jpg?stp=dst-jpg_e35_tt6&amp;_nc_cat=104&amp;ccb=7-5&amp;_nc_sid=18de74&amp;efg=eyJlZmdfdGFnIjoiQ0xJUFMuYmVzdF9pbWFnZV91cmxnZW4uQzMifQ%3D%3D&amp;_nc_ohc=iSiYGl-qrLUQ7kNvwHnGfjW&amp;_nc_oc=AdrQO0UXXKjvU3W0-Z05kfMIucgur14oQ5rZE5yWA7MJ5hkC0vKgCTWEwLhYePc699I&amp;_nc_zt=23&amp;_nc_ht=scontent-bru2-1.cdninstagram.com&amp;edm=ANo9K5cEAAAA&amp;_nc_gid=R1nUMInC6kOfRFKGYMr7NQ&amp;_nc_tpa=Q5bMBQE6YYBoj2CVXN7czZeBz6yvcdPmvvw3PDh1YQXcwEx77C0RxLA1JHUZ59RlkhRFa82zIKaGmIrXIg&amp;oh=00_Af2_gtG0mcQuop9fc99HOvJ5NndBFjyMMdoD8TlkXvcNyw&amp;oe=69F7AD35&quot;,&quot;150&quot;:&quot;https:\\\/\\\/scontent-bru2-1.cdninstagram.com\\\/v\\\/t51.71878-15\\\/670678750_1330250255739308_3336641822868256460_n.jpg?stp=dst-jpg_e35_tt6&amp;_nc_cat=104&amp;ccb=7-5&amp;_nc_sid=18de74&amp;efg=eyJlZmdfdGFnIjoiQ0xJUFMuYmVzdF9pbWFnZV91cmxnZW4uQzMifQ%3D%3D&amp;_nc_ohc=iSiYGl-qrLUQ7kNvwHnGfjW&amp;_nc_oc=AdrQO0UXXKjvU3W0-Z05kfMIucgur14oQ5rZE5yWA7MJ5hkC0vKgCTWEwLhYePc699I&amp;_nc_zt=23&amp;_nc_ht=scontent-bru2-1.cdninstagram.com&amp;edm=ANo9K5cEAAAA&amp;_nc_gid=R1nUMInC6kOfRFKGYMr7NQ&amp;_nc_tpa=Q5bMBQE6YYBoj2CVXN7czZeBz6yvcdPmvvw3PDh1YQXcwEx77C0RxLA1JHUZ59RlkhRFa82zIKaGmIrXIg&amp;oh=00_Af2_gtG0mcQuop9fc99HOvJ5NndBFjyMMdoD8TlkXvcNyw&amp;oe=69F7AD35&quot;,&quot;320&quot;:&quot;https:\\\/\\\/scontent-bru2-1.cdninstagram.com\\\/v\\\/t51.71878-15\\\/670678750_1330250255739308_3336641822868256460_n.jpg?stp=dst-jpg_e35_tt6&amp;_nc_cat=104&amp;ccb=7-5&amp;_nc_sid=18de74&amp;efg=eyJlZmdfdGFnIjoiQ0xJUFMuYmVzdF9pbWFnZV91cmxnZW4uQzMifQ%3D%3D&amp;_nc_ohc=iSiYGl-qrLUQ7kNvwHnGfjW&amp;_nc_oc=AdrQO0UXXKjvU3W0-Z05kfMIucgur14oQ5rZE5yWA7MJ5hkC0vKgCTWEwLhYePc699I&amp;_nc_zt=23&amp;_nc_ht=scontent-bru2-1.cdninstagram.com&amp;edm=ANo9K5cEAAAA&amp;_nc_gid=R1nUMInC6kOfRFKGYMr7NQ&amp;_nc_tpa=Q5bMBQE6YYBoj2CVXN7czZeBz6yvcdPmvvw3PDh1YQXcwEx77C0RxLA1JHUZ59RlkhRFa82zIKaGmIrXIg&amp;oh=00_Af2_gtG0mcQuop9fc99HOvJ5NndBFjyMMdoD8TlkXvcNyw&amp;oe=69F7AD35&quot;,&quot;640&quot;:&quot;https:\\\/\\\/scontent-bru2-1.cdninstagram.com\\\/v\\\/t51.71878-15\\\/670678750_1330250255739308_3336641822868256460_n.jpg?stp=dst-jpg_e35_tt6&amp;_nc_cat=104&amp;ccb=7-5&amp;_nc_sid=18de74&amp;efg=eyJlZmdfdGFnIjoiQ0xJUFMuYmVzdF9pbWFnZV91cmxnZW4uQzMifQ%3D%3D&amp;_nc_ohc=iSiYGl-qrLUQ7kNvwHnGfjW&amp;_nc_oc=AdrQO0UXXKjvU3W0-Z05kfMIucgur14oQ5rZE5yWA7MJ5hkC0vKgCTWEwLhYePc699I&amp;_nc_zt=23&amp;_nc_ht=scontent-bru2-1.cdninstagram.com&amp;edm=ANo9K5cEAAAA&amp;_nc_gid=R1nUMInC6kOfRFKGYMr7NQ&amp;_nc_tpa=Q5bMBQE6YYBoj2CVXN7czZeBz6yvcdPmvvw3PDh1YQXcwEx77C0RxLA1JHUZ59RlkhRFa82zIKaGmIrXIg&amp;oh=00_Af2_gtG0mcQuop9fc99HOvJ5NndBFjyMMdoD8TlkXvcNyw&amp;oe=69F7AD35&quot;}\">\n\t\t\t<span class=\"sbi-screenreader\">\ud83c\udf1eLes vacances sont l\u00e0, le soleil est au rendez-vou<\/span>\n\t\t\t\t\t\t<svg style=\"color: rgba(255,255,255,1)\" class=\"svg-inline--fa fa-play fa-w-14 sbi_playbtn\" aria-label=\"Play\" aria-hidden=\"true\" data-fa-processed=\"\" data-prefix=\"fa\" data-icon=\"play\" role=\"presentation\" xmlns=\"http:\/\/www.w3.org\/2000\/svg\" viewBox=\"0 0 448 512\"><path fill=\"currentColor\" d=\"M424.4 214.7L72.4 6.6C43.8-10.3 0 6.1 0 47.9V464c0 37.5 40.7 60.1 72.4 41.3l352-208c31.4-18.5 31.5-64.1 0-82.6z\"><\/path><\/svg>\t\t\t<img decoding=\"async\" src=\"https:\/\/xn--institut-beaut-reims-o2b.com\/wp-content\/plugins\/instagram-feed\/img\/placeholder.png\" alt=\"\ud83c\udf1eLes vacances sont l\u00e0, le soleil est au rendez-vous ! \n\nIl me reste quelques cr\u00e9neaux disponibles vendredi 24.04.26  pour une petite pause bien-\u00eatre. \n\nSi vous voulez en profiter, contactez-moi (coordonn\u00e9es en bio). \n\nJe vous souhaite un excellent week-end ensoleill\u00e9 ! \n\n#institutdebeautereims #soinvisagereims #clairmarais #massageclairmarais #soinvisageclairmarais\" aria-hidden=\"true\">\n\t\t<\/a>\n\t<\/div>\n<\/div><div class=\"sbi_item sbi_type_video sbi_new sbi_transition\"\n\tid=\"sbi_18097214315096216\" data-date=\"1775897131\">\n\t<div class=\"sbi_photo_wrap\">\n\t\t<a class=\"sbi_photo\" href=\"https:\/\/www.instagram.com\/reel\/DW_DC6oDhiF\/\" target=\"_blank\" rel=\"noopener nofollow\"\n\t\t\tdata-full-res=\"https:\/\/scontent-bru2-1.cdninstagram.com\/v\/t51.71878-15\/669990448_4235808326668230_1473805496948897665_n.jpg?stp=dst-jpg_e35_tt6&#038;_nc_cat=105&#038;ccb=7-5&#038;_nc_sid=18de74&#038;efg=eyJlZmdfdGFnIjoiQ0xJUFMuYmVzdF9pbWFnZV91cmxnZW4uQzMifQ%3D%3D&#038;_nc_ohc=WCIcWnHpV8EQ7kNvwExeM9h&#038;_nc_oc=AdqHBUhLrdG2q8m7KhHXD4Rj16ddaEdPnZKBVPINGKqZ6thXQsVJJ1FzFun_odfPRwg&#038;_nc_zt=23&#038;_nc_ht=scontent-bru2-1.cdninstagram.com&#038;edm=ANo9K5cEAAAA&#038;_nc_gid=R1nUMInC6kOfRFKGYMr7NQ&#038;_nc_tpa=Q5bMBQGDvhVzA67ES0YZDA6FjRCIyfntPLh3JavW7qo3Z2w_xUqcwC9LXqAFUdVgLE9dzcRkxoewjzxCkw&#038;oh=00_Af3Z8pRcemw8EQtsCIwhPNzpC304WiV--mT5TUr7KwTabw&#038;oe=69F7CF4C\"\n\t\t\tdata-img-src-set=\"{&quot;d&quot;:&quot;https:\\\/\\\/scontent-bru2-1.cdninstagram.com\\\/v\\\/t51.71878-15\\\/669990448_4235808326668230_1473805496948897665_n.jpg?stp=dst-jpg_e35_tt6&amp;_nc_cat=105&amp;ccb=7-5&amp;_nc_sid=18de74&amp;efg=eyJlZmdfdGFnIjoiQ0xJUFMuYmVzdF9pbWFnZV91cmxnZW4uQzMifQ%3D%3D&amp;_nc_ohc=WCIcWnHpV8EQ7kNvwExeM9h&amp;_nc_oc=AdqHBUhLrdG2q8m7KhHXD4Rj16ddaEdPnZKBVPINGKqZ6thXQsVJJ1FzFun_odfPRwg&amp;_nc_zt=23&amp;_nc_ht=scontent-bru2-1.cdninstagram.com&amp;edm=ANo9K5cEAAAA&amp;_nc_gid=R1nUMInC6kOfRFKGYMr7NQ&amp;_nc_tpa=Q5bMBQGDvhVzA67ES0YZDA6FjRCIyfntPLh3JavW7qo3Z2w_xUqcwC9LXqAFUdVgLE9dzcRkxoewjzxCkw&amp;oh=00_Af3Z8pRcemw8EQtsCIwhPNzpC304WiV--mT5TUr7KwTabw&amp;oe=69F7CF4C&quot;,&quot;150&quot;:&quot;https:\\\/\\\/scontent-bru2-1.cdninstagram.com\\\/v\\\/t51.71878-15\\\/669990448_4235808326668230_1473805496948897665_n.jpg?stp=dst-jpg_e35_tt6&amp;_nc_cat=105&amp;ccb=7-5&amp;_nc_sid=18de74&amp;efg=eyJlZmdfdGFnIjoiQ0xJUFMuYmVzdF9pbWFnZV91cmxnZW4uQzMifQ%3D%3D&amp;_nc_ohc=WCIcWnHpV8EQ7kNvwExeM9h&amp;_nc_oc=AdqHBUhLrdG2q8m7KhHXD4Rj16ddaEdPnZKBVPINGKqZ6thXQsVJJ1FzFun_odfPRwg&amp;_nc_zt=23&amp;_nc_ht=scontent-bru2-1.cdninstagram.com&amp;edm=ANo9K5cEAAAA&amp;_nc_gid=R1nUMInC6kOfRFKGYMr7NQ&amp;_nc_tpa=Q5bMBQGDvhVzA67ES0YZDA6FjRCIyfntPLh3JavW7qo3Z2w_xUqcwC9LXqAFUdVgLE9dzcRkxoewjzxCkw&amp;oh=00_Af3Z8pRcemw8EQtsCIwhPNzpC304WiV--mT5TUr7KwTabw&amp;oe=69F7CF4C&quot;,&quot;320&quot;:&quot;https:\\\/\\\/scontent-bru2-1.cdninstagram.com\\\/v\\\/t51.71878-15\\\/669990448_4235808326668230_1473805496948897665_n.jpg?stp=dst-jpg_e35_tt6&amp;_nc_cat=105&amp;ccb=7-5&amp;_nc_sid=18de74&amp;efg=eyJlZmdfdGFnIjoiQ0xJUFMuYmVzdF9pbWFnZV91cmxnZW4uQzMifQ%3D%3D&amp;_nc_ohc=WCIcWnHpV8EQ7kNvwExeM9h&amp;_nc_oc=AdqHBUhLrdG2q8m7KhHXD4Rj16ddaEdPnZKBVPINGKqZ6thXQsVJJ1FzFun_odfPRwg&amp;_nc_zt=23&amp;_nc_ht=scontent-bru2-1.cdninstagram.com&amp;edm=ANo9K5cEAAAA&amp;_nc_gid=R1nUMInC6kOfRFKGYMr7NQ&amp;_nc_tpa=Q5bMBQGDvhVzA67ES0YZDA6FjRCIyfntPLh3JavW7qo3Z2w_xUqcwC9LXqAFUdVgLE9dzcRkxoewjzxCkw&amp;oh=00_Af3Z8pRcemw8EQtsCIwhPNzpC304WiV--mT5TUr7KwTabw&amp;oe=69F7CF4C&quot;,&quot;640&quot;:&quot;https:\\\/\\\/scontent-bru2-1.cdninstagram.com\\\/v\\\/t51.71878-15\\\/669990448_4235808326668230_1473805496948897665_n.jpg?stp=dst-jpg_e35_tt6&amp;_nc_cat=105&amp;ccb=7-5&amp;_nc_sid=18de74&amp;efg=eyJlZmdfdGFnIjoiQ0xJUFMuYmVzdF9pbWFnZV91cmxnZW4uQzMifQ%3D%3D&amp;_nc_ohc=WCIcWnHpV8EQ7kNvwExeM9h&amp;_nc_oc=AdqHBUhLrdG2q8m7KhHXD4Rj16ddaEdPnZKBVPINGKqZ6thXQsVJJ1FzFun_odfPRwg&amp;_nc_zt=23&amp;_nc_ht=scontent-bru2-1.cdninstagram.com&amp;edm=ANo9K5cEAAAA&amp;_nc_gid=R1nUMInC6kOfRFKGYMr7NQ&amp;_nc_tpa=Q5bMBQGDvhVzA67ES0YZDA6FjRCIyfntPLh3JavW7qo3Z2w_xUqcwC9LXqAFUdVgLE9dzcRkxoewjzxCkw&amp;oh=00_Af3Z8pRcemw8EQtsCIwhPNzpC304WiV--mT5TUr7KwTabw&amp;oe=69F7CF4C&quot;}\">\n\t\t\t<span class=\"sbi-screenreader\">\ud83d\udc84Maquillage c\u00e9r\u00e9monie\n\nPlus de d\u00e9tail en suivant c<\/span>\n\t\t\t\t\t\t<svg style=\"color: rgba(255,255,255,1)\" class=\"svg-inline--fa fa-play fa-w-14 sbi_playbtn\" aria-label=\"Play\" aria-hidden=\"true\" data-fa-processed=\"\" data-prefix=\"fa\" data-icon=\"play\" role=\"presentation\" xmlns=\"http:\/\/www.w3.org\/2000\/svg\" viewBox=\"0 0 448 512\"><path fill=\"currentColor\" d=\"M424.4 214.7L72.4 6.6C43.8-10.3 0 6.1 0 47.9V464c0 37.5 40.7 60.1 72.4 41.3l352-208c31.4-18.5 31.5-64.1 0-82.6z\"><\/path><\/svg>\t\t\t<img decoding=\"async\" src=\"https:\/\/xn--institut-beaut-reims-o2b.com\/wp-content\/plugins\/instagram-feed\/img\/placeholder.png\" alt=\"\ud83d\udc84Maquillage c\u00e9r\u00e9monie\n\nPlus de d\u00e9tail en suivant ce lien\u00a0: \n\nhttps:\/\/xn--institut-beaut-reims-o2b.com\/index.php\/maquillage-forfaits-maries-pacses\/\n\nAu plaisir de vous maquiller,\n\nEsth\u00e9tiquement votre, \n\nInma\n\n@sylwia_de_bona_coach \n\n\ud83d\udcf10\ufe0f\u20e36\ufe0f\u20e3 0\ufe0f\u20e39\ufe0f\u20e3 1\ufe0f\u20e37\ufe0f\u20e3 8\ufe0f\u20e31\ufe0f\u20e3 3\ufe0f\u20e33\ufe0f\u20e3 (\ud835\udc2c\ud835\udc2e\ud835\udc2b \ud835\udc11\ud835\udc03\ud835\udc15)\n\nhttps:\/\/xn\u2014institut-beaut-reims-o2b.com\/\n\n#InmAromaSens #maquillagemariee #institutdebeaut\u00e9reims #maquillagemarieereims\" aria-hidden=\"true\">\n\t\t<\/a>\n\t<\/div>\n<\/div><div class=\"sbi_item sbi_type_carousel sbi_new sbi_transition\"\n\tid=\"sbi_18049678838534065\" data-date=\"1775670476\">\n\t<div class=\"sbi_photo_wrap\">\n\t\t<a class=\"sbi_photo\" href=\"https:\/\/www.instagram.com\/p\/DW4S5OijjWV\/\" target=\"_blank\" rel=\"noopener nofollow\"\n\t\t\tdata-full-res=\"https:\/\/scontent-bru2-1.cdninstagram.com\/v\/t51.82787-15\/669715873_18437110327142591_1509128605519668849_n.jpg?stp=dst-jpg_e35_tt6&#038;_nc_cat=104&#038;ccb=7-5&#038;_nc_sid=18de74&#038;efg=eyJlZmdfdGFnIjoiQ0FST1VTRUxfSVRFTS5iZXN0X2ltYWdlX3VybGdlbi5DMyJ9&#038;_nc_ohc=Yr4HmBHVa58Q7kNvwHxKAJ1&#038;_nc_oc=AdpVkI8pnXAlhkGFVsBlhGMy6UdjQInHP2aAyrNW-k7kf-9jNP1EDZvQuNduhon_duU&#038;_nc_zt=23&#038;_nc_ht=scontent-bru2-1.cdninstagram.com&#038;edm=ANo9K5cEAAAA&#038;_nc_gid=R1nUMInC6kOfRFKGYMr7NQ&#038;_nc_tpa=Q5bMBQHNGCJzcFsy_M1tQPC6AioiKMvq11g6MduMIsEAR5wIrKhRjO_7QMaoJBHegXpeJ-ZemvVzCXyLkQ&#038;oh=00_Af2oBXIY-1VtnQat6wC-MzRxGqAfB2-8vDhzrxmOYfmdeQ&#038;oe=69F7BDBC\"\n\t\t\tdata-img-src-set=\"{&quot;d&quot;:&quot;https:\\\/\\\/scontent-bru2-1.cdninstagram.com\\\/v\\\/t51.82787-15\\\/669715873_18437110327142591_1509128605519668849_n.jpg?stp=dst-jpg_e35_tt6&amp;_nc_cat=104&amp;ccb=7-5&amp;_nc_sid=18de74&amp;efg=eyJlZmdfdGFnIjoiQ0FST1VTRUxfSVRFTS5iZXN0X2ltYWdlX3VybGdlbi5DMyJ9&amp;_nc_ohc=Yr4HmBHVa58Q7kNvwHxKAJ1&amp;_nc_oc=AdpVkI8pnXAlhkGFVsBlhGMy6UdjQInHP2aAyrNW-k7kf-9jNP1EDZvQuNduhon_duU&amp;_nc_zt=23&amp;_nc_ht=scontent-bru2-1.cdninstagram.com&amp;edm=ANo9K5cEAAAA&amp;_nc_gid=R1nUMInC6kOfRFKGYMr7NQ&amp;_nc_tpa=Q5bMBQHNGCJzcFsy_M1tQPC6AioiKMvq11g6MduMIsEAR5wIrKhRjO_7QMaoJBHegXpeJ-ZemvVzCXyLkQ&amp;oh=00_Af2oBXIY-1VtnQat6wC-MzRxGqAfB2-8vDhzrxmOYfmdeQ&amp;oe=69F7BDBC&quot;,&quot;150&quot;:&quot;https:\\\/\\\/scontent-bru2-1.cdninstagram.com\\\/v\\\/t51.82787-15\\\/669715873_18437110327142591_1509128605519668849_n.jpg?stp=dst-jpg_e35_tt6&amp;_nc_cat=104&amp;ccb=7-5&amp;_nc_sid=18de74&amp;efg=eyJlZmdfdGFnIjoiQ0FST1VTRUxfSVRFTS5iZXN0X2ltYWdlX3VybGdlbi5DMyJ9&amp;_nc_ohc=Yr4HmBHVa58Q7kNvwHxKAJ1&amp;_nc_oc=AdpVkI8pnXAlhkGFVsBlhGMy6UdjQInHP2aAyrNW-k7kf-9jNP1EDZvQuNduhon_duU&amp;_nc_zt=23&amp;_nc_ht=scontent-bru2-1.cdninstagram.com&amp;edm=ANo9K5cEAAAA&amp;_nc_gid=R1nUMInC6kOfRFKGYMr7NQ&amp;_nc_tpa=Q5bMBQHNGCJzcFsy_M1tQPC6AioiKMvq11g6MduMIsEAR5wIrKhRjO_7QMaoJBHegXpeJ-ZemvVzCXyLkQ&amp;oh=00_Af2oBXIY-1VtnQat6wC-MzRxGqAfB2-8vDhzrxmOYfmdeQ&amp;oe=69F7BDBC&quot;,&quot;320&quot;:&quot;https:\\\/\\\/scontent-bru2-1.cdninstagram.com\\\/v\\\/t51.82787-15\\\/669715873_18437110327142591_1509128605519668849_n.jpg?stp=dst-jpg_e35_tt6&amp;_nc_cat=104&amp;ccb=7-5&amp;_nc_sid=18de74&amp;efg=eyJlZmdfdGFnIjoiQ0FST1VTRUxfSVRFTS5iZXN0X2ltYWdlX3VybGdlbi5DMyJ9&amp;_nc_ohc=Yr4HmBHVa58Q7kNvwHxKAJ1&amp;_nc_oc=AdpVkI8pnXAlhkGFVsBlhGMy6UdjQInHP2aAyrNW-k7kf-9jNP1EDZvQuNduhon_duU&amp;_nc_zt=23&amp;_nc_ht=scontent-bru2-1.cdninstagram.com&amp;edm=ANo9K5cEAAAA&amp;_nc_gid=R1nUMInC6kOfRFKGYMr7NQ&amp;_nc_tpa=Q5bMBQHNGCJzcFsy_M1tQPC6AioiKMvq11g6MduMIsEAR5wIrKhRjO_7QMaoJBHegXpeJ-ZemvVzCXyLkQ&amp;oh=00_Af2oBXIY-1VtnQat6wC-MzRxGqAfB2-8vDhzrxmOYfmdeQ&amp;oe=69F7BDBC&quot;,&quot;640&quot;:&quot;https:\\\/\\\/scontent-bru2-1.cdninstagram.com\\\/v\\\/t51.82787-15\\\/669715873_18437110327142591_1509128605519668849_n.jpg?stp=dst-jpg_e35_tt6&amp;_nc_cat=104&amp;ccb=7-5&amp;_nc_sid=18de74&amp;efg=eyJlZmdfdGFnIjoiQ0FST1VTRUxfSVRFTS5iZXN0X2ltYWdlX3VybGdlbi5DMyJ9&amp;_nc_ohc=Yr4HmBHVa58Q7kNvwHxKAJ1&amp;_nc_oc=AdpVkI8pnXAlhkGFVsBlhGMy6UdjQInHP2aAyrNW-k7kf-9jNP1EDZvQuNduhon_duU&amp;_nc_zt=23&amp;_nc_ht=scontent-bru2-1.cdninstagram.com&amp;edm=ANo9K5cEAAAA&amp;_nc_gid=R1nUMInC6kOfRFKGYMr7NQ&amp;_nc_tpa=Q5bMBQHNGCJzcFsy_M1tQPC6AioiKMvq11g6MduMIsEAR5wIrKhRjO_7QMaoJBHegXpeJ-ZemvVzCXyLkQ&amp;oh=00_Af2oBXIY-1VtnQat6wC-MzRxGqAfB2-8vDhzrxmOYfmdeQ&amp;oe=69F7BDBC&quot;}\">\n\t\t\t<span class=\"sbi-screenreader\">IL EST TEMPS\u2026\n\nCe que vous avez ressenti ces derni<\/span>\n\t\t\t<svg class=\"svg-inline--fa fa-clone fa-w-16 sbi_lightbox_carousel_icon\" aria-hidden=\"true\" aria-label=\"Clone\" data-fa-pro\u0192cessed=\"\" data-prefix=\"far\" data-icon=\"clone\" role=\"img\" xmlns=\"http:\/\/www.w3.org\/2000\/svg\" viewBox=\"0 0 512 512\">\n                    <path fill=\"currentColor\" d=\"M464 0H144c-26.51 0-48 21.49-48 48v48H48c-26.51 0-48 21.49-48 48v320c0 26.51 21.49 48 48 48h320c26.51 0 48-21.49 48-48v-48h48c26.51 0 48-21.49 48-48V48c0-26.51-21.49-48-48-48zM362 464H54a6 6 0 0 1-6-6V150a6 6 0 0 1 6-6h42v224c0 26.51 21.49 48 48 48h224v42a6 6 0 0 1-6 6zm96-96H150a6 6 0 0 1-6-6V54a6 6 0 0 1 6-6h308a6 6 0 0 1 6 6v308a6 6 0 0 1-6 6z\"><\/path>\n                <\/svg>\t\t\t\t\t\t<img decoding=\"async\" src=\"https:\/\/xn--institut-beaut-reims-o2b.com\/wp-content\/plugins\/instagram-feed\/img\/placeholder.png\" alt=\"IL EST TEMPS\u2026\n\nCe que vous avez ressenti ces derniers jours\u2026\nCette chaleur\u2026\nCette douceur\u2026\nCet appel du c\u0153ur\u2026\nCe n\u2019\u00e9tait pas un hasard\u2026\n\nJe vous pr\u00e9sente aujourd\u2019hui mon nouveau soin : \n\n\u2728\ud835\udc79\ud835\udc8a\ud835\udc95\ud835\udc96\ud835\udc86\ud835\udc8d \ud835\udc7a\ud835\udc8a\ud835\udc88\ud835\udc8f\ud835\udc82\ud835\udc95\ud835\udc96\ud835\udc93\ud835\udc86 \ud835\udc70\ud835\udc75\ud835\udc74\ud835\udc68\ud835\udc75\ud835\udc68 - \ud835\udc7d\ud835\udc90\ud835\udc9a\ud835\udc82\ud835\udc88\ud835\udc86 \ud835\udc70\ud835\udc8f\ud835\udc95\ud835\udc86\u0301\ud835\udc93\ud835\udc8a\ud835\udc86\ud835\udc96\ud835\udc93 \ud835\udc85\ud835\udc96 \ud835\udc6a\u0153\ud835\udc96\ud835\udc93 \ud835\udc82\ud835\udc96 \ud835\udc6a\ud835\udc82\ud835\udc84\ud835\udc82\ud835\udc90 \ud835\udc7a\ud835\udc82\ud835\udc84\ud835\udc93\ud835\udc86\u0301 \u2728\n\nUn rituel profond\u00e9ment sensoriel\u2026\nUne immersion pour ralentir\u2026 \nressentir\u2026\nEt revenir \u00e0 l\u2019essentiel : vous.\n\nRespiration guid\u00e9e\u2026\nVibrations\u2026\nC\u00e9r\u00e9monie Cacao sacr\u00e9\u2026\nMassage enveloppant au beurre de cacao bio ti\u00e9die\u2026\nHarmonisation \u00e9nerg\u00e9tique\u2026\n\n C\u2019est un v\u00e9ritable voyage int\u00e9rieur qui s\u2019ouvre \u00e0 vous\u00a0: \n\u00a0\nUn moment hors du temps\u2026\nUne reconnexion au c\u0153ur\u2026\nUne exp\u00e9rience douce, profonde et transformatrice.\n\u00a0\nCe soin ne se re\u00e7oit pas... il se vit ! \n\nPlus de d\u00e9tail en suivant ce lien\u00a0: \n\nhttps:\/\/institut-beaut\u00e9-reims.com\/index.php\/inmana-ceremonie-sacree-cacao\/\n\nAu plaisir de vous accompagner dans ce voyage,\n\nHolistiquement votre, \n\nInma\n\n@sylwia_de_bona_coach \n\n\ud83d\udcf10\ufe0f\u20e36\ufe0f\u20e3 0\ufe0f\u20e39\ufe0f\u20e3 1\ufe0f\u20e37\ufe0f\u20e3 8\ufe0f\u20e31\ufe0f\u20e3 3\ufe0f\u20e33\ufe0f\u20e3 (\ud835\udc2c\ud835\udc2e\ud835\udc2b \ud835\udc11\ud835\udc03\ud835\udc15)\n\nhttps:\/\/xn\u2014institut-beaut-reims-o2b.com\/\n\n#InmAromaSens #reims #clairmarais #institutdebeaut\u00e9reims #ceremoniecacaosacr\u00e9\" aria-hidden=\"true\">\n\t\t<\/a>\n\t<\/div>\n<\/div>\t<\/div>\n\n\t<div id=\"sbi_load\" >\n\n\t\t\t<button class=\"sbi_load_btn\"\n\t\t\ttype=\"button\" >\n\t\t\t<span class=\"sbi_btn_text\" >Charger plus<\/span>\n\t\t\t<span class=\"sbi_loader sbi_hidden\" style=\"background-color: rgb(255, 255, 255);\" aria-hidden=\"true\"><\/span>\n\t\t<\/button>\n\t\n\t\t\t<span class=\"sbi_follow_btn sbi_custom\" >\n\t\t\t<a target=\"_blank\"\n\t\t\t\trel=\"nofollow noopener\"  href=\"https:\/\/www.instagram.com\/inmaromasens\/\" style=\"background: rgb(64,139,209);\">\n\t\t\t\t<svg class=\"svg-inline--fa fa-instagram fa-w-14\" aria-hidden=\"true\" data-fa-processed=\"\" aria-label=\"Instagram\" data-prefix=\"fab\" data-icon=\"instagram\" role=\"img\" viewBox=\"0 0 448 512\">\n                    <path fill=\"currentColor\" d=\"M224.1 141c-63.6 0-114.9 51.3-114.9 114.9s51.3 114.9 114.9 114.9S339 319.5 339 255.9 287.7 141 224.1 141zm0 189.6c-41.1 0-74.7-33.5-74.7-74.7s33.5-74.7 74.7-74.7 74.7 33.5 74.7 74.7-33.6 74.7-74.7 74.7zm146.4-194.3c0 14.9-12 26.8-26.8 26.8-14.9 0-26.8-12-26.8-26.8s12-26.8 26.8-26.8 26.8 12 26.8 26.8zm76.1 27.2c-1.7-35.9-9.9-67.7-36.2-93.9-26.2-26.2-58-34.4-93.9-36.2-37-2.1-147.9-2.1-184.9 0-35.8 1.7-67.6 9.9-93.9 36.1s-34.4 58-36.2 93.9c-2.1 37-2.1 147.9 0 184.9 1.7 35.9 9.9 67.7 36.2 93.9s58 34.4 93.9 36.2c37 2.1 147.9 2.1 184.9 0 35.9-1.7 67.7-9.9 93.9-36.2 26.2-26.2 34.4-58 36.2-93.9 2.1-37 2.1-147.8 0-184.8zM398.8 388c-7.8 19.6-22.9 34.7-42.6 42.6-29.5 11.7-99.5 9-132.1 9s-102.7 2.6-132.1-9c-19.6-7.8-34.7-22.9-42.6-42.6-11.7-29.5-9-99.5-9-132.1s-2.6-102.7 9-132.1c7.8-19.6 22.9-34.7 42.6-42.6 29.5-11.7 99.5-9 132.1-9s102.7-2.6 132.1 9c19.6 7.8 34.7 22.9 42.6 42.6 11.7 29.5 9 99.5 9 132.1s2.7 102.7-9 132.1z\"><\/path>\n                <\/svg>\t\t\t\t<span>Suivre sur Instagram<\/span>\n\t\t\t<\/a>\n\t\t<\/span>\n\t\n<\/div>\n\t\t<span class=\"sbi_resized_image_data\" data-feed-id=\"*1\"\n\t\t  data-resized=\"{&quot;18049678838534065&quot;:{&quot;id&quot;:&quot;669715873_18437110327142591_1509128605519668849_n&quot;,&quot;ratio&quot;:&quot;0.80&quot;,&quot;sizes&quot;:{&quot;full&quot;:640,&quot;low&quot;:320,&quot;thumb&quot;:150},&quot;extension&quot;:&quot;.webp&quot;},&quot;18097214315096216&quot;:{&quot;id&quot;:&quot;669990448_4235808326668230_1473805496948897665_n&quot;,&quot;ratio&quot;:&quot;0.56&quot;,&quot;sizes&quot;:{&quot;full&quot;:640,&quot;low&quot;:320,&quot;thumb&quot;:150},&quot;extension&quot;:&quot;.webp&quot;},&quot;18108819607859509&quot;:{&quot;id&quot;:&quot;670678750_1330250255739308_3336641822868256460_n&quot;,&quot;ratio&quot;:&quot;0.76&quot;,&quot;sizes&quot;:{&quot;full&quot;:640,&quot;low&quot;:320,&quot;thumb&quot;:150},&quot;extension&quot;:&quot;.webp&quot;},&quot;17935281138223635&quot;:{&quot;id&quot;:&quot;673808276_18439460842142591_1903198574334921469_n&quot;,&quot;ratio&quot;:&quot;0.75&quot;,&quot;sizes&quot;:{&quot;full&quot;:640,&quot;low&quot;:320,&quot;thumb&quot;:150},&quot;extension&quot;:&quot;.webp&quot;}}\">\n\t<\/span>\n\t<\/div>\n\n<\/div><\/div><\/div><\/div><\/div><div id=\"pg-277-10\"  class=\"panel-grid panel-no-style\" ><div id=\"pgc-277-10-0\"  class=\"panel-grid-cell panel-grid-cell-empty\" ><\/div><\/div><\/div>","protected":false},"excerpt":{"rendered":"<p>&nbsp; \u00ab\u00a0J&rsquo;accompagne les femmes \u00e0 chaque \u00e9tape de leur vie,\u00a0 en qu\u00eate de beaut\u00e9, d&rsquo;\u00e9motions et d&rsquo;harmonie, pour r\u00e9v\u00e9ler l&rsquo;\u00e9clat de leur corps et de leur esprit \u00e0 travers chaque soin.\u00a0\u00bb &nbsp; Les prestations<\/p>\n","protected":false},"author":1,"featured_media":0,"parent":0,"menu_order":0,"comment_status":"closed","ping_status":"closed","template":"custom-templates\/full-width.php","meta":{"_uag_custom_page_level_css":"","_exactmetrics_skip_tracking":false,"_exactmetrics_sitenote_active":false,"_exactmetrics_sitenote_note":"","_exactmetrics_sitenote_category":0,"iawp_total_views":569,"footnotes":""},"class_list":["post-277","page","type-page","status-publish","hentry"],"uagb_featured_image_src":{"full":false,"thumbnail":false,"medium":false,"medium_large":false,"large":false,"1536x1536":false,"2048x2048":false,"widget-thumbnail":false,"mailpoet_newsletter_max":false,"woocommerce_thumbnail":false,"woocommerce_single":false,"woocommerce_gallery_thumbnail":false,"sow-carousel-default":false},"uagb_author_info":{"display_name":"admin8743","author_link":"https:\/\/xn--institut-beaut-reims-o2b.com\/index.php\/author\/admin8743\/"},"uagb_comment_info":0,"uagb_excerpt":"&nbsp; \"J'accompagne les femmes \u00e0 chaque \u00e9tape de leur vie,\u00a0 en qu\u00eate de beaut\u00e9, d'\u00e9motions et d'harmonie, pour r\u00e9v\u00e9ler l'\u00e9clat de leur corps et de leur esprit \u00e0 travers chaque soin.\" &nbsp; Les prestations","_links":{"self":[{"href":"https:\/\/xn--institut-beaut-reims-o2b.com\/index.php\/wp-json\/wp\/v2\/pages\/277","targetHints":{"allow":["GET"]}}],"collection":[{"href":"https:\/\/xn--institut-beaut-reims-o2b.com\/index.php\/wp-json\/wp\/v2\/pages"}],"about":[{"href":"https:\/\/xn--institut-beaut-reims-o2b.com\/index.php\/wp-json\/wp\/v2\/types\/page"}],"author":[{"embeddable":true,"href":"https:\/\/xn--institut-beaut-reims-o2b.com\/index.php\/wp-json\/wp\/v2\/users\/1"}],"replies":[{"embeddable":true,"href":"https:\/\/xn--institut-beaut-reims-o2b.com\/index.php\/wp-json\/wp\/v2\/comments?post=277"}],"version-history":[{"count":706,"href":"https:\/\/xn--institut-beaut-reims-o2b.com\/index.php\/wp-json\/wp\/v2\/pages\/277\/revisions"}],"predecessor-version":[{"id":2546,"href":"https:\/\/xn--institut-beaut-reims-o2b.com\/index.php\/wp-json\/wp\/v2\/pages\/277\/revisions\/2546"}],"wp:attachment":[{"href":"https:\/\/xn--institut-beaut-reims-o2b.com\/index.php\/wp-json\/wp\/v2\/media?parent=277"}],"curies":[{"name":"wp","href":"https:\/\/api.w.org\/{rel}","templated":true}]}}